{"id":22,"date":"2017-09-03T10:14:45","date_gmt":"2017-09-03T10:14:45","guid":{"rendered":"http:\/\/antike-bremen.de\/?page_id=22"},"modified":"2020-09-20T15:27:28","modified_gmt":"2020-09-20T15:27:28","slug":"archiv","status":"publish","type":"page","link":"https:\/\/antike-bremen.de\/?page_id=22","title":{"rendered":"Archiv"},"content":{"rendered":"<h1>2019\/2020<\/h1>\n<p><strong>7. Oktober 2019<\/strong><br \/>\nPROF. DR. KATHARINA WESSELMANN, KIEL<br \/>\n<strong>Antike Ideale \u2013 verschenkte Potentiale? \u00dcber das Sch\u00f6nreden sperriger Inhalte in Rezeption und Unterricht<\/strong><\/p>\n<p><strong>29. Oktober 2019<\/strong><br \/>\nPROF. DR. DR. H.C. HANS-JOACHIM GEHRKE, FREIBURG<br \/>\n<strong>Ein Heiliges Land um Olympia. Aktuelle Forschungen am Unterlauf des Alpheios<br \/>\n<\/strong>zusammen mit: Wittheit, Bremer Gesellschaft f\u00fcr Vorgeschichte<\/p>\n<p><strong>12. November 2019<br \/>\n<\/strong>PROF. DR. ALBERT ZINK, BOZEN<br \/>\n<strong>\u00d6tzi, der Mann aus dem Eis \u2013 Neue Erkenntnisse aus der Mumienforschung<br \/>\n<\/strong>zusammen mit: Bremer Gesellschaft f\u00fcr Vorgeschichte, Wittheit<\/p>\n<p><strong>26. November 2019<br \/>\n<\/strong>KARL BANGHARD MA, OERLINGHAUSEN<br \/>\n<strong>Der Nazi im Wolfspelz. Germanen und der rechte Rand<br \/>\n<\/strong>zusammen mit: Bremer Gesellschaft f\u00fcr Vorgeschichte, Heinrich-B\u00f6ll-Stiftung<\/p>\n<p><strong>13. Dezember 2019<br \/>\n<\/strong>PROF. DR. GUNNAR SEELENTAG, HANNOVER<br \/>\n<strong>Kreta in der Archaik<\/strong><\/p>\n<p><strong>17. Dezember 2019, 18.00 Uhr<\/strong><br \/>\n<strong>Mitgliederversammlung &amp; Weihnachtsfeier<\/strong><br \/>\nabweichend um 18.00 Uhr im Kleinen Saal, Haus der Wissenschaft<\/p>\n<p><strong>14. Januar 2020<\/strong><br \/>\nDR. B\u00c4RBEL AUFFERMANN, METTMANN<br \/>\n<strong>Der Neandertaler als Urmenschtypus \u2013 Neue Forschungen<\/strong><br \/>\nzusammen mit: Wittheit, Bremer Gesellschaft f\u00fcr Vorgeschichte<\/p>\n<p><strong>5. Februar 2020<br \/>\n<\/strong>PROF. DR. JOHANNES WIENANDT, BRAUNSCHWEIG<br \/>\n<strong>Kaiser Konstantin und die M\u00fcnzpr\u00e4gung im 4. Jahrhundert<\/strong><\/p>\n<p><strong>18. Februar 2020<\/strong><br \/>\nDR. MARTIN MAISCHBERGER, BERLIN<br \/>\n<strong>Masterplan Museumsinsel \u2013 Zwischenbilanz und Ausblick<br \/>\n<\/strong>zusammen mit: Wittheit, Bremer Gesellschaft f\u00fcr Vorgeschichte, Kunsthalle, VDI<\/p>\n<p><strong>28. Februar 2020<br \/>\n<\/strong>PROF. DR. EKKEHARD MARTENS, HAMBURG<br \/>\n<strong>Die Stechfliege Sokrates im Dialog mit Platon \u2013 Didaktische \u00dcberlegungen zur Antiken Philosophie<\/strong><\/p>\n<p><strong>10. M\u00e4rz 2020<br \/>\n<\/strong>PROF. DR. ALMUT H\u00d6FERT, OLDENBURG<br \/>\n<strong>Gott und seine Weltreiche: Kaisertum und Kalifat als Erben der Sp\u00e4tantike<br \/>\n<\/strong>zusammen mit: Wittheit, Historische Gesellschaft<\/p>\n<p><strong>16. April 2020\u00a0\u00a0 <span style=\"color: #ff0000;\">verschoben auf den 7. Dezember 2020, 19:00 Uhr<\/span><\/strong><br \/>\nJEAN COERT M.A., BREMEN<br \/>\n<strong>Eine virtuelle Zeitreise ins alte Rom. \u00dcber die Antikerezeption und Geschichtsforschung in Videospielen<\/strong><\/p>\n<p><em><strong>Alle Vortr\u00e4gen beginnen \u2013 sofern nicht anders angegeben \u2013 um 19.00 Uhr im Olbers-Saal im Haus der Wissenschaft, Sandstra\u00dfe, Bremen.<\/strong><\/em><\/p>\n<h1>2018\/2019<\/h1>\n<p><strong>16. Oktober 2018<\/strong><br \/>\nDr. Nikolaus Egel, M\u00fcnster<br \/>\nDie neue Seidenstra\u00dfe, die Mongolen und die Asienreisenden im 13. Jahrhundert<br \/>\nZusammen mit: Wittheit zu Bremen, Bremer Gesellschaft f\u00fcr Vorgeschichte<\/p>\n<p><strong>23. Oktober 2018<\/strong><br \/>\nProf. Dr. Niklas Holzberg, M\u00fcnchen<br \/>\nOvids Ars Narratoria. Der Dichter als Erz\u00e4hler in den Metamorphosen<br \/>\nZusammen mit: Deutscher Altphilologenverband, Bremen<\/p>\n<p><strong>7. November 2018<\/strong><br \/>\nProf. Dr. Almut H\u00f6fer, Oldenburg<br \/>\nGott und seine Weltreiche: Kaisertum und Kalifat als Erben der Sp\u00e4tantike<\/p>\n<p><strong>26. November 2018<\/strong><br \/>\nDr. Dieter Bischop, Bremen<br \/>\nGelungene Integration: Die Nekropole von Assos (Westkleinasien) und ein eingewanderter Kelte<br \/>\nZusammen mit: Bremer Gesellschaft f\u00fcr Vorgeschichte<\/p>\n<p><strong>14. Dezember 2018<\/strong><br \/>\nBrita Jansen, M.A., Bremen<br \/>\nSch\u00f6ner wohnen in der Provinz \u2013 R\u00f6mische H\u00e4user und ihre Dekoration in der Colonia Ulpa Traiana (Xanten)<\/p>\n<p><strong>14. Januar 2019<\/strong><br \/>\nPeter L\u00fcchinger, Prof. Dr. Hans Kloft, Prof. Dr. Tassilo Schmitt, Bremen<br \/>\nDer Gang in die Unterwelt \u2013 Bilder und Texte aus Homer und Vergil<br \/>\nZusammen mit: Wittheit zu Bremen<\/p>\n<p><strong>30. Januar 2019<\/strong><br \/>\nProf. Dr. Dr. h.c. Dieter Birnbacher, D\u00fcsseldorf<br \/>\nDas gelingende Leben \u2013 Das Leben als Kunstwerk<br \/>\nZusammen mit: Wittheit zu Bremen, Philosophische Gesellschaft, Goethe-Gesellschaft<\/p>\n<p><strong>15. M\u00e4rz 2019<\/strong><br \/>\nDr. Simon Strau\u00df, Frankfurt a.M.<br \/>\nDas Rombild in der Publizistik des 19. &amp; 20. Jahrhunderts<\/p>\n<p><strong>5. April 2019<\/strong><br \/>\nProf. Dr. Aloys Winterling, Berlin<br \/>\nDie Ermordung des Dictators Caesar. Gesellschaft und Politik im Sp\u00e4trepublikanischen Rom<\/p>\n<p><strong>8. April 2019<\/strong><br \/>\nProf. Dr. Hans-Ulrich Wiemer, N\u00fcrnberg-Erlangen<br \/>\nTheoderich der Gro\u00df: K\u00f6nig der Goten, Herrscher der R\u00f6mer<\/p>\n<p><em><strong>Alle Vortr\u00e4gen beginnen \u2013 sofern nicht anders angegeben \u2013 um 19.00 Uhr im Olbers-Saal im Haus der Wissenschaft, Sandstra\u00dfe, Bremen.<\/strong><\/em><\/p>\n<p align=\"LEFT\">\n<h1>2017\/2018<\/h1>\n<p align=\"LEFT\"><strong>29. September 2017, 20 Uhr<\/strong><br \/>\nProf. Dr. Adolf Martin Ritter, Heidelberg<br \/>\nAntikes Papsttum<br \/>\nZusammen mit der Vereinigung f\u00fcr Bremische Kirchengeschichte<\/p>\n<p align=\"LEFT\"><strong>10. Oktober 2017<\/strong><br \/>\nProf. Dr. Klaus Grewe, Morenhoven<br \/>\nWasserversorgung im Mittelalter \u2013 Erbe der Antike oder technischer Neuanfang?<br \/>\nZusammen mit der Historischen Gesellschaft<\/p>\n<p align=\"LEFT\"><strong>17. November 2017<\/strong><br \/>\nProf. Dr.-Ing. Walter Schuhr, Magdeburg<br \/>\n150 Jahre Hildesheimer Silberschatz<br \/>\nZusammen mit der Wittheit zu Bremen und der Bremer Gesellschaft f\u00fcr Vorgeschichte<\/p>\n<p align=\"LEFT\"><strong>12. Dezember 2017<\/strong><br \/>\nProf. Dr. Norbert Bl\u00f6ssner, Berlin<br \/>\nDie Entstehung der homerischen Epen<\/p>\n<p align=\"LEFT\"><strong>15. Dezember 2017 um 18.00 Uhr<\/strong><br \/>\nFreundeskreis der Antike zu Bremen e.V.<br \/>\nMitgliederversammlung &amp; Weihnachtsfeier<\/p>\n<p align=\"LEFT\"><strong>9. Februar 2018<\/strong><br \/>\nProf. Dr. Hans Wolf J\u00e4ger, Bremen<br \/>\nVergil in der deutschen Aufkl\u00e4rung und Klassik<\/p>\n<p align=\"LEFT\"><strong>27. Februar 2018<\/strong><br \/>\nProf. Dr. Michael Sommer, Oldenburg<br \/>\nSyrien, eine antike Kulturlandschaft<br \/>\nZusammen mit der Wittheit zu Bremen und dem \u00dcbersee-Museum<\/p>\n<p align=\"LEFT\"><strong>15. M\u00e4rz 2018<\/strong><br \/>\nProf. Dr. Dieter Kurth, Hamburg<br \/>\nDer Horus-Tempel von Edfu \u2013 Architektur und Dekoration<br \/>\nZusammen mit der Wittheit zu Bremen und der Bremer Gesellschaft f\u00fcr Vorgeschichte<\/p>\n<p align=\"LEFT\"><strong>16. M\u00e4rz 2018<\/strong><br \/>\nProf. Dr. Kaja Harter-Uibopuu, Hamburg<br \/>\nLosen f\u00fcr die Demokratie. Der Einsatz des Kleroterion in Athen<\/p>\n<p align=\"LEFT\"><strong>10. April 2018<\/strong><br \/>\nProf. Dr. Hans Kloft, Bremen<br \/>\nJudentum und Christentum, die Makkab\u00e4er<br \/>\nZusammen mit der Wittheit zu Bremen, der Deutsch-Israelischen Gesellschaft, dem Katholischen B\u00fcro, der Stiftung Bremer Dom und der Vereinigung f\u00fcr Bremische Kirchengeschichte<\/p>\n<p align=\"LEFT\"><strong>18. Mai 2018<\/strong><br \/>\nDr. Johannes Stobbe, Dresden<br \/>\nDie Politisierung des Archaischen.<br \/>\nDie Transformation der griechischen Trag\u00f6die im 20. Jahrhundert<\/p>\n<h1>2016\/2017<\/h1>\n<p>4.10.2016<br \/>\nProf. Dr. Wilfried Stroh (M\u00fcnchen)<br \/>\nPhilosophie und Rhetorik bei Cicero<\/p>\n<p>18.10.2016<br \/>\nProf. Dr. Alexander Demandt (Berlin)<br \/>\nAdolf Hitler und das Griechentum<\/p>\n<p>8.11.2016<br \/>\nDr. Andreas Sch\u00e4fer (Stade)<br \/>\nDie Schwedenschanze bei Stade von der Sp\u00e4tantike bis ins hohe Mittelalter<\/p>\n<p>17.01.2017<br \/>\nDr. Ralf Kilian (M\u00fcnchen)<br \/>\nKulturdenkm\u00e4ler sch\u00fctzen: Pempeji gestern \u2013 heute \u2013 morgen<br \/>\nDas Sustainable Preservation Projekt<\/p>\n<p>20.01.2017<br \/>\nProf. Dr. Joseph Maran (Heidelberg)<br \/>\nGegen den Strom der Geschichte: Der Wiederaufstieg Tiryns im fr\u00fchen 12. Jahrhundert v. Chr.<\/p>\n<p>17.02.2017<br \/>\nDr. Alkiviadis Ginalis (Bremen)<br \/>\nH\u00e4fen in der Antike<\/p>\n<p>6.03.2017<br \/>\nProf. Dr. Winfried Schmitz (Bonn)<br \/>\nAufst\u00e4ndische Sklaven in Sparta<\/p>\n<p>14.03.2017<br \/>\nProf. Dr. Dieter Richter (Bremen)<br \/>\nDer antike Leib: Die Attit\u00fcden der Lady Hamilton<\/p>\n<p>20.03.2017<br \/>\nProf. Dr. Stefan Esders (Berlin)<br \/>\nKarl der Gro\u00dfe und das antike Kaisertum: Der Princeps Augustus<\/p>\n<p>23.03.2017<br \/>\nProf. Dr. Stefan R. Hauser (Konstanz)<br \/>\nPalmyra \u2013 Glanz und Elend der antiken Handelsstadt. Neue Einsichten<\/p>\n<p>18.04.2017<br \/>\nFriedrich-Wilhem Wulf, M.A.<br \/>\nDas neu entdeckte R\u00f6merlager bei Hannover-Hemmingen<\/p>\n<h1>2013\/2014<\/h1>\n<p>16.10.2013<br \/>\nProf. Dr. Wolfgang Wischmeyer (Wien)<br \/>\nEin Kalender f\u00fcr das Jahr 354. Was sollte ein R\u00f6mer wissen?<\/p>\n<p>23.10.2013<br \/>\nProf. Dr. Klaus Stefan Freyberger (Rom)<br \/>\nDie deutsche arch\u00e4ologische Forschung in Rom. Alte und neue Ergebnisse<\/p>\n<p>6.11.2013<br \/>\nProf. Dr. Karl-Wilhelm Weeber (Wuppertal)<br \/>\nHellas sei Dank! Was Europa den Griechen schuldet<\/p>\n<p>2.12.2013<br \/>\nProf. Dr. Eva Tichy (Freiburg i.Br.)<br \/>\nLyrisches in Homers Ilias<\/p>\n<p>14.1.2014<br \/>\nPD Dr. Barbara Hellwing (Berlin\/Teheran)<br \/>\nArch\u00e4ologie im Iran. Ein Spannungsfeld zwischen Wissenschaft und Politik<\/p>\n<p>5.2.2014<br \/>\nProf. Dr. Michael Sommer (Oldenburg)<br \/>\nPurpur und Elfenbein. Die Ph\u00f6nizier und das globalisierte Mittelmeer<\/p>\n<p>25.2.2014<br \/>\nDres. Martin Lindner und Susanne B\u00f6rner (G\u00f6ttingen\/Saarbr\u00fccken)<br \/>\nDer r\u00f6mische M\u00fcnzschatz von Jever<\/p>\n<p>6.3.2014<br \/>\nSonja Ammann, M.A. (Berlin)<br \/>\nDas Alte Testament und die fremden G\u00f6tter<\/p>\n<p>11.3.2014<br \/>\nProf. Dr. Johannes Helmrath (Berlin)<br \/>\nDie Aura des Kaisers. Herrscherportr\u00e4ts der fr\u00fchen Neuzeit im Buchdruck und auf M\u00fcnzen<\/p>\n<p>31.3.2014<br \/>\nProf. Dr. B\u00e9n\u00e9dicte Savoy (Berlin)<br \/>\nWem geh\u00f6rt die Antike? Laokoon, Apoll &amp; Co im Mus\u00e9e Napol\u00e9on 1796-1815<\/p>\n<h1>2012\/2013<\/h1>\n<p>25.9.2012<br \/>\nProf. Dr. J\u00fcrgen Knape (T\u00fcbingen)<br \/>\nDer Humanismus als Bildungsmacht. Renaissance in Deutschland.<\/p>\n<p>4.10.2012<br \/>\nProf. Dr. med. Karl-Heinz Leven (N\u00fcrnberg-Erlangen)<br \/>\nVerschw\u00f6rung und Kulturtransfer &#8211; Griechische Medizin in Rom und Bagdad<\/p>\n<p>24.10.2012<br \/>\nProf. Dr. Susanne Muth (Berlin)<br \/>\nSeiner Zeit voraus? Wie das Forum Romanum zu einer neuen Platzstruktur fand<\/p>\n<p>6.11.2012<br \/>\nDr. Georg Hauser (K\u00f6ln)<br \/>\nVon der Sp\u00e4tantike zum Mittelalter. Die aufsehenerregenden Grabungen unter dem K\u00f6lner Dom<\/p>\n<p>23.11.2012<br \/>\nProf. Dr. B\u00e9n\u00e9dicte Savoy (Berlin)<br \/>\nNofretete &#8211; Grabenk\u00e4mpfe um eine sch\u00f6ne Frau. Eine Kontroverse im Jahr 1920.<\/p>\n<p>11.12.2012<br \/>\nProf. em. Dr. Heinrich R\u00fcthing (Bielefeld)<br \/>\nBremen und der Weserraum im Zeitalter der Renaissance<\/p>\n<p>9.1.2013<br \/>\nProf. em. Dr. Justus Cobet (Duisburg)<br \/>\nBabylon &#8211; Jerusalem &#8211; Athen &#8211; Rom: eine europ\u00e4ische Erz\u00e4hlung<\/p>\n<p>22.1.2013<br \/>\nProf. Dr. Gerd Althoff (M\u00fcnster)<br \/>\nDas Kaisertum Ottos des Gro\u00dfen. Antike Wurzeln und mittelalterliche Form<\/p>\n<p>14.2.2013<br \/>\nProf. em. Dr. Detlef Liebs (Freiburg)<br \/>\nDer erste Ketzerprozess<\/p>\n<p>21.3.2013<br \/>\nProf. em. Dr. Erika Simon (W\u00fcrzburg)<br \/>\nDer Kalenderfries an der Kleinen Metropolis in Athen<\/p>\n<p>16.4.2013<br \/>\nDr. Bernd-Christian Otto (Erfurt)<br \/>\nMagie &#8211; ein Reizwort in der wissenschaftlichen Debatte<\/p>\n<p>7.5.2013<br \/>\nProf. Dr. Diamantis Panagiotopoulos (Heidelberg)<br \/>\nDie Mykener. Eine mediterrane Hochkultur an der Schwelle der historischen Zeit<\/p>\n<h1>2011\/2012<\/h1>\n<p>1.11.2011<br \/>\nPD Dr. Silke Diederich (K\u00f6ln)<br \/>\nHarry Potter und die Aeneis des Vergil<\/p>\n<p>17.11.2011<br \/>\nProf. Dr. Dr. h.c. Renate Rolle (Hamburg)<br \/>\nAmazonen &#8211; Mythos und Realit\u00e4t<\/p>\n<p>6.12.2011<br \/>\nProf. Dr. theol. Andreas M\u00fcller (Kiel)<br \/>\nDie fr\u00fchchristlichen Diakonien am Beispiel Rom<\/p>\n<p>13.1.2012<br \/>\nProf. Dr. J\u00f6rg R\u00fcpke (Erfurt)<br \/>\nDie Historisierung der Religion in der sp\u00e4ten r\u00f6mischen Republik<\/p>\n<p>9.2.2012<br \/>\nProf. Dr. Matthias Becher (Bonn)<br \/>\nChlodwig und das Ende der Antike<\/p>\n<p>28.2.2012<br \/>\nProf. Dr. Wulf Raeck (Frankfurt a.M.)<br \/>\nPriene \u2013 Profil einer hellenistischen Stadt (Der Stand der Ausgrabungen)<\/p>\n<p>8.3.2012<br \/>\nDr. Ulrich K\u00fchn (Berlin)<br \/>\nDie Entdeckung des Nordens durch die Griechen: Pytheas von Marseille<\/p>\n<p>20.3.2012<br \/>\nProf. Dr. Aliki Moustaka (Thessaloniki)<br \/>\nG\u00f6tterkulte im panhellenischen Zeusheiligtum von Olympia<\/p>\n<p>19.4.2012<br \/>\nProf. Dr. Detlef Liebs (Freiburg i. Br.)<br \/>\nVor den Richtern Roms: Der Prozess Jesu<\/p>\n<p>4.5.2012<br \/>\nDr. Walter Melzer (Soest)<br \/>\nVon der Antike zum Mittelalter: die Metallfunde in der Hansestadt Soest<\/p>\n<p>15.5.2012<br \/>\nProf. Dr. Thomas Baier (W\u00fcrzburg)<br \/>\nDer Philosoph Seneca als P\u00e4dagoge \u2013 Was ein guter Lehrer wissen muss<\/p>\n<h1>2010\/2011<\/h1>\n<p>22.9.2010<br \/>\nProf. Dr. Herfried M\u00fcnkler (Berlin)<br \/>\nMythos und nationale Identit\u00e4t \u2013 ein problematisches Junktim<\/p>\n<p>21.10.2010<br \/>\nDr. Georg Hinrich Hammer (Bremen)<br \/>\nDie Entstehung der Spit\u00e4ler. Vom antiken \u201ehospitium\u201c zum Heiligengeist-Spital in Bremen<\/p>\n<p>26.10.2010<br \/>\nProf. Dr. Frank Kolb (T\u00fcbingen)<br \/>\nTroia und kein Ende<\/p>\n<p>9.11.2010<br \/>\nProf. Dr. Stefan Rebenich (Bern\/CH)<br \/>\nAltertumswissenschaft und Politik<\/p>\n<p>25.11.2010<br \/>\nProf. Dr. Klaus Grewe (Bonn)<br \/>\nAntike Wasserversorgung und Wasserkrafttechnik. Neue Ergebnisse.<\/p>\n<p>9.12.2010<br \/>\nProf. Dr. Anja Kl\u00f6ckner (Gie\u00dfen)<br \/>\nDen Sieg feiern oder den Sieger? Milit\u00e4rische Erfolge und \u00f6ffentliche Repr\u00e4sentation im klassischen Athen<\/p>\n<p>6.1.2011<br \/>\nProf. Dr. Egon Flaig (Rostock)<br \/>\nAbolition. Eine weltgeschichtliche Besonderheit Europas<\/p>\n<p>10.2.2011<br \/>\nProf. Dr. Claudia Tiersch (Berlin)<br \/>\nGaza \u2013 eine Stadt der Sp\u00e4tantike zwischen Hellenismus und Christentum<\/p>\n<p>3.3.2011<br \/>\nProf. Dr. Cord Meckseper (Hannover)<br \/>\nDer Magdeburger Dom im Schnittpunkt von Antike und Mittelalter<\/p>\n<p>29.3.2011<br \/>\nProf. Dr. J\u00fcrgen Leonhardt (T\u00fcbingen)<br \/>\nWeltsprache Latein. Fakt oder Fiktion?<\/p>\n<p>12.4.2011<br \/>\nProf. Dr. Tanja Scheer (G\u00f6ttingen)<br \/>\nFrauen und Geschlechterbeziehungen im alten Griechenland<\/p>\n<p>12.5.2011<br \/>\nProf. Dr. Mischa Meier (T\u00fcbingen)<br \/>\n\u201eVon fremd zu fremd\u201c: Gelasius I., Anastasios und die verlorene Einheit der Mittelmeerwelt<\/p>\n<p>1.6.2011<br \/>\nProf. Dr. Michael Meyer (Berlin)<br \/>\nRoms vergessener Feldzug. Das r\u00f6misch-germanische Schlachtfeld vom Harzhorn bei Kalefeld, Lkr. Northeim<\/p>\n<h1>2009\/2010<\/h1>\n<p>2.11.2009<br \/>\nProf. Dr. Irmgard M\u00e4nnlein-Robert (T\u00fcbingen)<br \/>\nFerne, Weisheit und Exotik \u2013 Das Indienbild der alten Griechen<\/p>\n<p>10.11.2009<br \/>\nProf. Dr. Dr. h.c. Otfried H\u00f6ffe (T\u00fcbingen)<br \/>\nIst die Demokratie zukunftsf\u00e4hig?<\/p>\n<p>23.11.2009<br \/>\nProf. Dr. Wilhelm Heizmann (M\u00fcnchen)<br \/>\nMacht und Prestige der Runenschrift<\/p>\n<p>4.12.2009<br \/>\nPD Dr. Isolde Stark (Halle\/Berlin)<br \/>\nReligi\u00f6se Konflikte im antiken Rom durch neue G\u00f6tter und Kulte<\/p>\n<p>12.1.2010<br \/>\nDr. Ivo Joswig (Oldenburg)<br \/>\nArch\u00e4ologie und Recht. Raubgrabungen und Handel mit geraubten Fundst\u00fccken<\/p>\n<p>14.1.2010<br \/>\nDr. J\u00f6rg Robert (W\u00fcrzburg)<br \/>\nErzhumanist oder Erzschelm \u2013 Conrat Celtis Protucius (1459-1508)<\/p>\n<p>18.2.2010<br \/>\nMus.Dir. Enrico De Genarro, M.A. (G\u00fcglingen)<br \/>\nR\u00f6mische und keltische Kultur im S\u00fcdwesten Deutschlands: neue Ausgrabungen in G\u00fcglingen<\/p>\n<p>23.2.2010<br \/>\nProf. Dr. Sabine D\u00f6ring-Manteuffel (Augsburg)<br \/>\nVon Monds\u00fcchtigen und Nachtwandlern. Okkultismus und moderne Wissensgesellschaft<\/p>\n<p>23.3.2010<br \/>\nProf. Dr. Christoph Schmidt (K\u00f6ln)<br \/>\nIkonen \u2013 Fenster der Ewigkeit<\/p>\n<p>16.4.2010<br \/>\nProf. Dr. Andreas Luther (Kiel)<br \/>\nSpartafreunde in Athen<\/p>\n<p>7.5.2010<br \/>\nProf. Dr. Dietrich Boschung (K\u00f6ln)<br \/>\nDas Charisma des Kaisers \u2013 Individuelle Physiognomie und ihre Darstellung im r\u00f6mischen Herrscherportrait<\/p>\n<h1>2008\/2009<\/h1>\n<p>14.10.2008<br \/>\nProf. Dr. Hans Kloft (Bremen)<br \/>\nLykurg und Solon \u2013 griechische Gesetzgeber und deutsche Klassik<\/p>\n<p>17.11.2008<br \/>\nThomas Becker, M.A. (Frankfurt a.M.)<br \/>\nDer r\u00f6mische Limes als Weltkulturerbe<\/p>\n<p>2.12.2008<br \/>\nProf. Dr. Joachim Reichstein (Schleswig)<br \/>\nDas Danewerk, eine antike und fr\u00fchmittelalterliche Befestigung<\/p>\n<p>9.12.2008<br \/>\nProf. Dr. Hans Gerhard Kippenberg (Bremen)<br \/>\nReligion und Gewalt<\/p>\n<p>9.1.2009<br \/>\nProf. Dr. Joachim Latacz (Basel\/CH)<br \/>\nDichtung und Wahrheit: Was wissen wir heute \u00fcber den Troianischen Krieg?<\/p>\n<p>21.1.2009<br \/>\nDr. Klaus Grewe (Bonn)<br \/>\nMeisterwerke der Technik \u2013 Tunnelbauten in der Antike<\/p>\n<p>10.2.2009<br \/>\nDr. Ernst K\u00fcnzl (Eckental)<br \/>\nGermanen pl\u00fcndern Roms Provinzen \u2013 der \u201eBarbarenschatz\u201c von Neupotz<\/p>\n<p>4.3.2009<br \/>\nDr. Rudolf Asskamp (Haltern)<br \/>\nDas r\u00f6mische Weltreich unter Augustus \u2013 politische und kulturelle Aspekte<\/p>\n<p>18.3.2009<br \/>\nProf. Dr. Anton Schindling (T\u00fcbingen)<br \/>\nDas humanistische Gymnasium der Neuzeit \u2013 das Beispiel Stra\u00dfburg<\/p>\n<p>21.4.2009<br \/>\nProf. Dr. Franz Alto Bauer (M\u00fcnchen)<br \/>\nGeschenke als Zeichen kultureller \u00dcberlegenheit in der Sp\u00e4tantike<\/p>\n<p>6.5.2009<br \/>\nDr. Margarethe K\u00f6nig (Mainz)<br \/>\nEin Paradies auf Erden \u2013 G\u00e4rten in der Antike<\/p>\n<p>20.5.2009<br \/>\nProf. Dr. Christoph Sch\u00e4fer (Trier)<br \/>\nR\u00f6mische Schiffsbaukunst<\/p>\n","protected":false},"excerpt":{"rendered":"<div class=\"entry-summary\">\n2019\/2020 7. Oktober 2019 PROF. DR. KATHARINA WESSELMANN, KIEL Antike Ideale \u2013&hellip;\n<\/div>\n<div class=\"link-more\"><a href=\"https:\/\/antike-bremen.de\/?page_id=22\" class=\"more-link\">Weiterlesen<span class=\"screen-reader-text\"> &ldquo;Archiv&rdquo;<\/span>&hellip;<\/a><\/div>\n","protected":false},"author":1,"featured_media":36,"parent":0,"menu_order":0,"comment_status":"closed","ping_status":"closed","template":"","meta":{"footnotes":""},"class_list":["post-22","page","type-page","status-publish","has-post-thumbnail","hentry","entry"],"_links":{"self":[{"href":"https:\/\/antike-bremen.de\/index.php?rest_route=\/wp\/v2\/pages\/22"}],"collection":[{"href":"https:\/\/antike-bremen.de\/index.php?rest_route=\/wp\/v2\/pages"}],"about":[{"href":"https:\/\/antike-bremen.de\/index.php?rest_route=\/wp\/v2\/types\/page"}],"author":[{"embeddable":true,"href":"https:\/\/antike-bremen.de\/index.php?rest_route=\/wp\/v2\/users\/1"}],"replies":[{"embeddable":true,"href":"https:\/\/antike-bremen.de\/index.php?rest_route=%2Fwp%2Fv2%2Fcomments&post=22"}],"version-history":[{"count":8,"href":"https:\/\/antike-bremen.de\/index.php?rest_route=\/wp\/v2\/pages\/22\/revisions"}],"predecessor-version":[{"id":217,"href":"https:\/\/antike-bremen.de\/index.php?rest_route=\/wp\/v2\/pages\/22\/revisions\/217"}],"wp:featuredmedia":[{"embeddable":true,"href":"https:\/\/antike-bremen.de\/index.php?rest_route=\/wp\/v2\/media\/36"}],"wp:attachment":[{"href":"https:\/\/antike-bremen.de\/index.php?rest_route=%2Fwp%2Fv2%2Fmedia&parent=22"}],"curies":[{"name":"wp","href":"https:\/\/api.w.org\/{rel}","templated":true}]}}