{"id":19,"date":"2024-08-26T19:56:38","date_gmt":"2024-08-26T19:56:38","guid":{"rendered":"http:\/\/antike-bremen.de\/?page_id=19"},"modified":"2026-01-15T20:19:23","modified_gmt":"2026-01-15T20:19:23","slug":"programm-20172018","status":"publish","type":"page","link":"https:\/\/antike-bremen.de\/?page_id=19","title":{"rendered":"aktuell:"},"content":{"rendered":"\n<p class=\"has-text-align-right\">Bremen, 15.01.2026<\/p>\n\n\n\n<p><\/p>\n\n\n\n<p>Liebe Antikenfreundinnen und -freunde,<\/p>\n\n\n\n<p><\/p>\n\n\n\n<p>hier das Protokoll unserer Mitgliederversammlung vom 16. Dezember 2025:<\/p>\n\n\n\n<p><\/p>\n\n\n\n<figure class=\"wp-block-image size-large\"><img loading=\"lazy\" decoding=\"async\" width=\"960\" height=\"2454\" src=\"https:\/\/antike-bremen.de\/wp-content\/uploads\/2026\/01\/FdA-Protokoll-2025_12_16-01-02-b01-960x2454.jpg\" alt=\"\" class=\"wp-image-519\" srcset=\"https:\/\/antike-bremen.de\/wp-content\/uploads\/2026\/01\/FdA-Protokoll-2025_12_16-01-02-b01-960x2454.jpg 960w, https:\/\/antike-bremen.de\/wp-content\/uploads\/2026\/01\/FdA-Protokoll-2025_12_16-01-02-b01-595x1521.jpg 595w, https:\/\/antike-bremen.de\/wp-content\/uploads\/2026\/01\/FdA-Protokoll-2025_12_16-01-02-b01-768x1963.jpg 768w, https:\/\/antike-bremen.de\/wp-content\/uploads\/2026\/01\/FdA-Protokoll-2025_12_16-01-02-b01-601x1536.jpg 601w, https:\/\/antike-bremen.de\/wp-content\/uploads\/2026\/01\/FdA-Protokoll-2025_12_16-01-02-b01-801x2048.jpg 801w, https:\/\/antike-bremen.de\/wp-content\/uploads\/2026\/01\/FdA-Protokoll-2025_12_16-01-02-b01-scaled.jpg 1002w\" sizes=\"(max-width: 960px) 100vw, 960px\" \/><\/figure>\n\n\n\n<p><\/p>\n\n\n\n<p class=\"has-text-align-center\">&#8212;&#8212;&#8212;&#8212;&#8212;&#8212;&#8212;&#8212;&#8212;&#8212;&#8212;&#8212;&#8212;&#8212;&#8212;&#8212;&#8212;&#8212;&#8212;&#8212;&#8212;&#8212;&#8212;&#8212;&#8212;&#8212;&#8211;<\/p>\n\n\n\n<p class=\"has-text-align-right\">Bremen, 06.01.2026<\/p>\n\n\n\n<p>Liebe Antikenfreundinnen und -freunde,<\/p>\n\n\n\n<p><\/p>\n\n\n\n<p>mit den besten W\u00fcnschen m\u00f6chte der Vorstand Sie auf die verbleibenden Aktivit\u00e4ten des Vereins hinweisen:<\/p>\n\n\n\n<ul class=\"wp-block-list\">\n<li><strong>Mittwoch, 14. Januar 2026, 19:00 Uhr, <\/strong>HdW, Olbers-Saal Prof. Dr. Klaus Grewe, Swisttal<\/li>\n<\/ul>\n\n\n\n<p><strong>Der sch\u00f6ne Stein vom Rhein. Vom Kalksinter zum Marmor romanischer Kirchen<br><\/strong>zusammen mit der Bremer Gesellschaft f\u00fcrVorgeschichte<\/p>\n\n\n\n<p>Klaus Grewe ist einer der besten Kenner der antiken Wasserversorgung. Materiell geht es um die Ablagerungen in den r\u00f6mischen Eifelwasserleitungen und welche Kunstwerke daraus im Mittealter gefertigt wurden.<\/p>\n\n\n\n<p class=\"has-text-align-center\">&#8212;&#8212;&#8212;&#8212;&#8212;&#8212;&#8212;&#8212;&#8212;&#8212;&#8212;<\/p>\n\n\n\n<ul class=\"wp-block-list\">\n<li><strong>Montag, 23. Februar 2026, 19:00 Uhr, <\/strong>HdW, Olbers-Saal Prof. Dr. Hans Kloft, Bremen<strong><br>Vom Geschmack der Alten. Ein Streifzugdurch die r\u00f6mische Kulinarik<br><\/strong>zusammen mit der Goethe-Gesellschaft, der Deutsch-Italienischen Gesellschaft und der Bremer Gesellschaft f\u00fcr Vorgeschichte<\/li>\n<\/ul>\n\n\n\n<p>Das Tier frisst, der Mensch hat K\u00fcche. Wie sich bei den R\u00f6mern die Bauernkultur zu einer raffinierten Speise-Kunst entwickeln konnte, dem geht der Vortrag in Wort und Bild nach.<\/p>\n\n\n\n<p class=\"has-text-align-center\">&#8212;&#8212;&#8212;&#8212;&#8212;&#8212;&#8212;&#8212;&#8212;&#8212;&#8212;<\/p>\n\n\n\n<ul class=\"wp-block-list\">\n<li><strong>Mittwoch, 18. M\u00e4rz 2026, 19:00 Uhr, <\/strong>HdW, Olbers-Saal Dr. Florian Knau\u00df, M\u00fcnchen<strong><br>Zentren persischer Macht \u2013 Residenzen der Ach\u00e4meniden in Aserbaidschan und Georgien<br><\/strong>zusammen mit der Bremer Gesellschaft f\u00fcr Vorgeschichte<\/li>\n<\/ul>\n\n\n\n<p>Der abschlie\u00dfende Vortrag macht mit den wenig bekannten Zentren persischer Macht im Alten Orient bekannt.<\/p>\n\n\n\n<p><strong><u>Wichtig:<\/u><\/strong><br>Der Vortrag ist nach Absprache mit dem Referenten auf den 18.03., 19:00 Uhr im HdW vorverlegt worden.<\/p>\n\n\n\n<p class=\"has-text-align-center\">&#8212;&#8212;&#8212;&#8212;&#8212;&#8212;&#8212;&#8212;&#8212;&#8212;&#8212;<\/p>\n\n\n\n<p>Vom 12.-15. Juni 2026 veranstaltet die internationale Frontinus-Gesellschaft ihre Jahrestagung in Bremen. Das ausf\u00fchrliche Programm, zu dem unsere Mitglieder herzlich eingeladen sind, wird Ihnen noch eigens zugestellt.<\/p>\n\n\n\n<p>Die Mitgliederversammlung am 16.12.2025 hat \u00fcber die zuk\u00fcnftige Neuausrichtung unseres Vereins diskutiert (das Protokoll ist abrufbar auf <em>antike-bremen.de<\/em> etwa ab Mitte Januar).<\/p>\n\n\n\n<p>Wir hoffen auf ein gutes Gelingen und schlie\u00dfen mit einem gro\u00dfen Dank an Dr. G. Faulhammer f\u00fcr seine langj\u00e4hrige Vereinsarbeit. <\/p>\n\n\n\n<p class=\"has-text-align-center\">M\u00f6ge es f\u00fcr uns alle ein gutes, friedliches Jahr werden.<\/p>\n\n\n\n<p class=\"has-text-align-center\">Im Namen des Vorstandes<\/p>\n\n\n\n<p class=\"has-text-align-center\">Hans Kloft<\/p>\n\n\n\n<p class=\"has-text-align-center\">P.S.: Hier noch einmal unserer Bankverbindung: <\/p>\n\n\n\n<p class=\"has-text-align-center\">IBAN: <strong><u>DE79 2905 0101 0001 0141 09<\/u><\/strong><\/p>\n\n\n\n<p><\/p>\n\n\n\n<p class=\"has-text-align-center\">&#8212;&#8212;&#8212;&#8212;&#8212;&#8212;&#8212;&#8212;&#8212;&#8212;&#8212;&#8212;&#8212;&#8212;&#8212;&#8212;&#8212;&#8212;&#8212;&#8212;&#8212;&#8212;&#8212;&#8212;&#8212;&#8212;&#8211;<\/p>\n\n\n\n<p><\/p>\n\n\n\n<p class=\"has-text-align-right\">Bremen, 05.11.2025<\/p>\n\n\n\n<p>Liebe Mitglieder des Freundeskreises,<\/p>\n\n\n\n<p>auf die drei Veranstaltungen, die der Freundeskreis noch in diesem Jahr durchf\u00fchrt, weist der Vorstand nachdr\u00fccklich hin:<\/p>\n\n\n\n<p><strong>Donnerstag, 13. November 2025, 19:00 Uhr, HdW, Kleiner Saal<\/strong><br>Kristina Scheelen-Novacek, Bremen<br>Tod \u00fcber dem Nil.<br>Eine unbekannte Schlacht der Sp\u00e4tantike bei Hisn al-Bab (Provinz Assuan) in S\u00fcd\u00e4gypten entdeckt, mit einem Fokus auf den anthropologischen Fund.<br><br><\/p>\n\n\n\n<p><strong>Dienstag, 25. November 2025, 19:00 Uhr, HdW, Olbers-Saal<br><\/strong>Dr. Jan Kegler, Aurich, Die Wiederentdeckung des r\u00f6mischen M\u00fcnzschatzes von Filsum.<strong><br><\/strong>Der urspr\u00fcngliche Termin (Donnerstag 20. November) wurde auf Wunsch des Referenten verlegt.<\/p>\n\n\n\n<p>Die Novembervortr\u00e4ge bieten wir zusammen mit der Bremer Gesellschaft f\u00fcr Vorgeschichte an. Sie haben das sp\u00e4tantike \u00c4gypten zum Thema und einen regional wichtigen M\u00fcnzfund, der interessante Fragen nach dem historischen Hintergrund und dem numismatischen Wert aufwirft.<\/p>\n\n\n\n<p>Ganz zentral ist in diesem Jahr unsere Mitgliederversammlung am Dienstag, 16. Dezember um 17:00 Uhr. Dort wird besprochen, wie es mit unserer Vereinigung weitergehen kann. Unsere Mitgliederzahl ist auf unter 100 gefallen, so dass sich die Frage nach unserer weiteren Wirksamkeit stellt. Es wird noch eine eigene Einladung ergehen.<\/p>\n\n\n\n<p>Auf Wunsch vieler Mitglieder hier noch einmal die Kontonummer unseres Vereins f\u00fcr den Mitgliederbeitrag: DE79 2905 0101 0001 0141 09.<\/p>\n\n\n\n<p class=\"has-text-align-center\">Mit freundlichen Gr\u00fc\u00dfen<br>f\u00fcr den Vorstand<br>Prof. Dr. Hans Kloft<\/p>\n\n\n\n<p><\/p>\n\n\n\n<p class=\"has-text-align-center\">&#8212;&#8212;&#8212;&#8212;&#8212;&#8212;&#8212;&#8212;&#8212;&#8212;&#8212;&#8212;&#8212;&#8212;&#8212;&#8212;&#8212;&#8212;&#8212;&#8212;&#8212;&#8212;&#8212;&#8212;&#8212;&#8212;&#8212;&#8212;-<\/p>\n\n\n\n<p><\/p>\n\n\n\n<p class=\"has-text-align-right\">Bremen, 19.08.2025<\/p>\n\n\n\n<p class=\"has-text-align-center\"><strong>Vortr\u00e4ge des Freundeskreis der Antike 2025 \/ 2<\/strong>026<\/p>\n\n\n\n<p><\/p>\n\n\n\n<p>Liebe Mitglieder des Freundeskreises,<\/p>\n\n\n\n<p>Die Planung ist vollendet und das neue Programm unseres Vereins ist erstellt:<\/p>\n\n\n\n<p><\/p>\n\n\n\n<p><\/p>\n\n\n\n<p><\/p>\n\n\n\n<p><strong>Mo | 13. Oktober 2025 | 19:00 Uhr<\/strong><\/p>\n\n\n\n<p>HdW, Kleiner Saal<\/p>\n\n\n\n<p>Dr. Luise Seemann, Bremen<\/p>\n\n\n\n<p><strong>Antike Sarkophage<\/strong><\/p>\n\n\n\n<p>&#8212;&#8212;&#8212;&#8212;&#8212;&#8212;&#8212;&#8212;&#8212;&#8212;&#8212;&#8212;&#8212;&#8212;<\/p>\n\n\n\n<p><strong>Do | 13. November 2025 | 19:00 Uhr<\/strong><\/p>\n\n\n\n<p>HdW, Kleiner Saal<\/p>\n\n\n\n<p>Kristina Scheelen-Novacek, Bremen<\/p>\n\n\n\n<p><strong>Tod \u00fcber dem Nil.<\/strong><\/p>\n\n\n\n<p>Eine unbekannte Schlacht der Sp\u00e4tantike<\/p>\n\n\n\n<p>bei Hisn al-Bab (Provinz Assuan) in<\/p>\n\n\n\n<p>S\u00fcd\u00e4gypten entdeckt, mit einem Fokus auf<\/p>\n\n\n\n<p>den anthropologischen Funden<\/p>\n\n\n\n<p>zusammen mit der Bremer Gesellschaft f\u00fcr<\/p>\n\n\n\n<p>Vorgeschichte<\/p>\n\n\n\n<p>&#8212;&#8212;&#8212;&#8212;&#8212;&#8212;&#8212;&#8212;&#8212;&#8212;&#8212;&#8212;&#8212;&#8212;<\/p>\n\n\n\n<p><strong>Do | 20. November 2025 | 19:00 Uhr<\/strong><\/p>\n\n\n\n<p>HdW, Olbers-Saal<\/p>\n\n\n\n<p>Dr. Jan Kegler, Aurich<\/p>\n\n\n\n<p><strong>Die Wiederentdeckung des r\u00f6mischen<\/strong><\/p>\n\n\n\n<p><strong>M\u00fcnzschatzes von Filsum.<\/strong><\/p>\n\n\n\n<p>zusammen mit der Bremer Gesellschaft f\u00fcr<\/p>\n\n\n\n<p>Vorgeschichte<\/p>\n\n\n\n<p>&#8212;&#8212;&#8212;&#8212;&#8212;&#8212;&#8212;&#8212;&#8212;&#8212;&#8212;&#8212;&#8212;&#8212;<\/p>\n\n\n\n<p><strong>Di | 16. Dezember 2025 | 17:00 Uhr<\/strong><\/p>\n\n\n\n<p>HdW, Kleiner Saal<\/p>\n\n\n\n<p><\/p>\n\n\n\n<p><strong>Mitgliederversammlung und<\/strong><\/p>\n\n\n\n<p><strong>Weihnachtsfeier<\/strong><\/p>\n\n\n\n<p>&#8212;&#8212;&#8212;&#8212;&#8212;&#8212;&#8212;&#8212;&#8212;&#8212;&#8212;&#8212;&#8212;&#8212;<\/p>\n\n\n\n<p><\/p>\n\n\n\n<p><strong>Mi | 14. Januar 2026 | 19:00 Uhr<\/strong><\/p>\n\n\n\n<p>HdW, Olbers-Saal<\/p>\n\n\n\n<p>Prof. Dr. Klaus Grewe, Swisttal<\/p>\n\n\n\n<p><strong>Der sch\u00f6ne Stein vom Rhein. Vom Kalksinter<\/strong><\/p>\n\n\n\n<p><strong>zum Marmor romanischer Kirchen<\/strong><\/p>\n\n\n\n<p>zusammen mit der Bremer Gesellschaft f\u00fcr<\/p>\n\n\n\n<p>Vorgeschichte<\/p>\n\n\n\n<p>&#8212;&#8212;&#8212;&#8212;&#8212;&#8212;&#8212;&#8212;&#8212;&#8212;&#8212;&#8212;&#8212;&#8212;<\/p>\n\n\n\n<p><strong>Mo | 23. Februar 2026 | 19:00 Uhr<\/strong><\/p>\n\n\n\n<p>HdW, Olbers-Saal<\/p>\n\n\n\n<p>Prof. Dr. Hans Kloft, Bremen<\/p>\n\n\n\n<p><strong>Vom Geschmack der Alten. Ein Streifzug<\/strong><\/p>\n\n\n\n<p><strong>durch die r\u00f6mische Kulinarik<\/strong><\/p>\n\n\n\n<p>zusammen mit der Goethe-Gesellschaft, der<\/p>\n\n\n\n<p>Deutsch-Italienischen Gesellschaft und der<\/p>\n\n\n\n<p>Bremer Gesellschaft f\u00fcr Vorgeschichte<\/p>\n\n\n\n<p>&#8212;&#8212;&#8212;&#8212;&#8212;&#8212;&#8212;&#8212;&#8212;&#8212;&#8212;&#8212;&#8212;&#8212;<\/p>\n\n\n\n<p><strong>xx | im April 2026 | 19:00 Uhr<\/strong><\/p>\n\n\n\n<p>genauer Termin wird noch mitgeteilt<\/p>\n\n\n\n<p>HdW, Olbers-Saal<\/p>\n\n\n\n<p>Dr Florian Knau\u00df, M\u00fcnchen<\/p>\n\n\n\n<p><strong>Zentren persischer Macht \u2013 Residenzen<\/strong><\/p>\n\n\n\n<p><strong>der Ach\u00e4meniden in Aserbaidschan und<\/strong><\/p>\n\n\n\n<p><strong>Georgien<\/strong><\/p>\n\n\n\n<p>zusammen mit der Bremer Gesellschaft f\u00fcr Vorgeschichte<\/p>\n\n\n\n<hr class=\"wp-block-separator has-alpha-channel-opacity\"\/>\n\n\n\n<p class=\"has-text-align-right has-black-color has-text-color has-link-color wp-elements-fe0330424af4d3caba54db580653010a\">Bremen, 30.06.2025<\/p>\n\n\n\n<p><\/p>\n\n\n\n<p><a href=\"https:\/\/www.rewe.de\/rezepte\/kuerbis-mac-n-cheese\/?ecid=crm_mznl-daily-190825_markt_kw34_core_button_emm-neutral_nn_nn\">Liebe Antikenfreundinnen und -freunde,<\/a><\/p>\n\n\n\n<p>wir sind dabei, die neue Saison zu planen. Zur Zeit ist deshalb nur ein Zwischenbericht m\u00f6glich, die endg\u00fcltige Planung werden Sie Ende August im Programmheft der Wittheit abgedruckt finden.<\/p>\n\n\n\n<p>Es steht allen Mitgliedern unentgeltlich zur Verf\u00fcgung, abzuholen bei der Aufsicht im Haus der Wissenschaft oder erh\u00e4ltlich bei unseren Vortr\u00e4gen, die (hoffentlich!) in der Zeitung angek\u00fcndigt werden. Das Programm steht auch auf unserer Homepage. Folgende Vortr\u00e4ge erwarten Sie:<\/p>\n\n\n\n<ul class=\"wp-block-list\">\n<li>Florian Knau\u00df, Direktor der Staatlichen Antikensammlungen und Glyptothek in M\u00fcnchen<br>Zentren persischer Macht \u2013 Residenzen der Ach\u00e4mendien in Aserbaidschan und Georgien (Mit der BreGeVorGe)<\/li>\n<\/ul>\n\n\n\n<ul class=\"wp-block-list\">\n<li>Jan Kegler, Leiter des Arch\u00e4ologischen Forschungsinstituts des Ostfriesischen Landschaft<br>Der r\u00f6mische Schatzfund von Filsum (Mit der BreGeVorGe)<\/li>\n<\/ul>\n\n\n\n<ul class=\"wp-block-list\">\n<li>Kristina Scheelen-Novacek<br>Tod am Nil. Eine unbekannte Schlacht der Sp\u00e4tantike bei Hisn al-Bab in S\u00fcd\u00e4gypten (Mit der BreGeVorGe)<\/li>\n<\/ul>\n\n\n\n<ul class=\"wp-block-list\">\n<li>Luise Seemann<br>R\u00f6mische Sarkophage<\/li>\n<\/ul>\n\n\n\n<ul class=\"wp-block-list\">\n<li>Hans Kloft<br>Vom Geschmack der Alten, ein Streifzug durch die r\u00f6mische Kulinarik<\/li>\n<\/ul>\n\n\n\n<ul class=\"wp-block-list\">\n<li>Klaus Grewe<br>Die Wasserversorgung r\u00f6mischer St\u00e4dte<\/li>\n<\/ul>\n\n\n\n<ul class=\"wp-block-list\">\n<li>Dieter Bischop<br>Wasserversorgung in Bremen<\/li>\n<\/ul>\n\n\n\n<p>Aus Anlass einer Ausstellung der Kunsthalle zum Thema: Antike r\u00f6mische Wasserleitungen in der r\u00f6mischen Campagna (circa Anfang Mai bis Anfang Juli 2026) kommt die Frontinus Gesellschaft zu ihrer Jahrestagung nach Bremen, wahrscheinlich Mitte Mai. Die Frontinus Gesellschaft hat sich die Erforschung der Wasserversorgung in der Antike zum Thema gemacht. In diesem Zusammenhang sind diverse Vortr\u00e4ge geplant, zu denen auch unsere Mitglieder herzlich eingeladen sind. N\u00e4heres wird noch mitgeteilt.<\/p>\n\n\n\n<p>Das Alte Gymnasium blickt 2028 auf eine 500-j\u00e4hrige Geschichte zur\u00fcck. Gymnasium, Antikenverein und Wittheit waren seit jeher eng verbunden. Soweit wir k\u00f6nnen, wollen wir die geplanten Aktivit\u00e4ten der Schule gerne unterst\u00fctzen. Die Planungen laufen. Kontaktperson ist unser Mitglied Frau Imke Tsch\u00f6pe vom Alten Gymnasium.<\/p>\n\n\n\n<p><strong>Zu den Personalien:<\/strong><br>Frau Dr. Seemann ist als zweite Vorsitzende und Nachfolgerin von Dr. Jean Coert, jetzt Universit\u00e4t Dresden, \u00fcber das Amtsgericht offiziell in das Vereinsregister eingetragen worden. Wir sind dankbar f\u00fcr ihre Mitarbeit.<br>Dr. Gunther Faulhammer legt in diesem Jahr aus Altersgr\u00fcnden sein Amt als Schatzmeister bzw. Gesch\u00e4ftsf\u00fchrer unserer Vereinigung nieder. Wir alle sind ihm f\u00fcr seine untadelige Arbeit und sein Engagement f\u00fcr unseren Verein zu hohem Dank verpflichtet.<br>F\u00fcr den Fall, dass sich keine Nachfolge findet,&nbsp; m\u00fcssen wir eine der Entscheidungen treffen, die auf der n\u00e4chsten Mitgliederversammlung des Vereins im Dezember abgesegnet werden, ich nenne:<\/p>\n\n\n\n<ul class=\"wp-block-list\">\n<li>M\u00f6gliche Fusion mit benachbarten Vereinen<\/li>\n\n\n\n<li>Eine Auslagerung der Gesch\u00e4ftsf\u00fchrung<\/li>\n\n\n\n<li>Aufl\u00f6sung unserer Vereinigung<\/li>\n<\/ul>\n\n\n\n<p>Unser Verein ist in den letzten Jahren von \u00fcber 300 Mitgliedern auf unter 100 geschrumpft. Etwa die H\u00e4lfte der Mitglieder hat den f\u00e4lligen Beitrag f\u00fcr 2024 und 2025 (sicher aus Vergesslichkeit) noch nicht entrichtet! Der Beitrag betr\u00e4gt bekanntlich f\u00fcr Einzelpersonen 20 Euro, f\u00fcr Eheleute 40 Euro, Spenden dar\u00fcber hinaus sind willkommen. Der Zeitpunkt, dass wir mangels Masse den Vereinszweck nicht mehr erf\u00fcllen k\u00f6nnen, ist absehbar.<br>In Erinnerung an die vielen gelungenen Exkursionen in der Vergangenheit und die sch\u00f6nen Vortr\u00e4ge und Ausstellungen, hoffe ich inst\u00e4ndig, dass wir eine annehmbare L\u00f6sung finden und gr\u00fc\u00dfe Sie im Namen des Vorstandes herzlich,<\/p>\n\n\n\n<p class=\"has-text-align-center\">stets Ihr<br>Hans Kloft<\/p>\n\n\n\n<p class=\"has-text-align-center\">_______________________________________________<\/p>\n\n\n\n<p><\/p>\n\n\n\n<p class=\"has-text-align-right\">Bremen, 29.01.2025<\/p>\n\n\n\n<p>Liebe Mitglieder des Freundeskreises,<\/p>\n\n\n\n<p>auf die n\u00e4chsten Veranstaltungen m\u00f6chten wir Sie nachdr\u00fccklich hinweisen:<\/p>\n\n\n\n<ol class=\"wp-block-list\">\n<li>Prof. Dr. Klaus Grewe, Rheinbach<br>Antike Aqu\u00e4dukte, technische Weltwunder voller Sch\u00f6nheit und R\u00e4tsel<br>Zusammen mit der Bremer Gesellschaft f\u00fcr Vorgeschichte<br><strong>Achtung neuer Termin: Freitag, 14. Februar 2025, 19:00 Uhr im HdW, Olbers-Saal<\/strong><\/li>\n<\/ol>\n\n\n\n<p>Der Vortrag steht in Zusammenhang mit einer kommenden Ausstellung in der Kunsthalle, welche die Ruinen der antiken Wasserleitungen in der Campagna thematisiert.<\/p>\n\n\n\n<p class=\"has-text-align-center\">  _______________________________________________<\/p>\n\n\n\n<ul class=\"wp-block-list\">\n<li>Dr. Luise Seemann, Bremen<\/li>\n<\/ul>\n\n\n\n<p>Wilhelm Tischbeins Idylle No. 4<br>Mittwoch, 12. M\u00e4rz 2025, 19:00 Uhr, HdW, Kleiner Saal<\/p>\n\n\n\n<p>Der Diplomat und Altertumsforscher Sir William Hamilton (1730-1809) hat f\u00fcr die Sammlung und Erforschung der Antiken, insbesondere der griechischen Vasen, eine ganz besondere Rolle gespielt.<br>Um 1790 fertigte der Maler J. H. Wilhelm Tischbein Kupferstiche der antiken Vasenbilder f\u00fcr einen Katalog in Hamiltons Sammlung in Neapel an. Eines der Bilder \u2013 Thema ist der musikalische Wettkampf von Apollon und Marsias \u2013 weist eine bemerkenswerte Rezeptionsgeschichte auf: sowohl 1802 im Etrurischen Kabinett des Stadtschlosses Potsdam als auch 1819 im Idyllezimmer f\u00fcr den Herzog von Oldenburg ist das Bild \u201eder Schl\u00fcssel zum Ganzen\u201c.<\/p>\n\n\n\n<p>Fazit: Der antike Bestand im Oldenburger Schloss ist immer einen Besuch wert.<\/p>\n\n\n\n<p class=\"has-text-align-center\">   _______________________________________________<\/p>\n\n\n\n<ul class=\"wp-block-list\">\n<li>Prof. Dr. Hans Kloft, Bremen<\/li>\n<\/ul>\n\n\n\n<p>Das europ\u00e4ische Verm\u00e4chtnis von Rom und Italien<\/p>\n\n\n\n<p>Freitag, 4. April 2025, 19:00 Uhr, HdW Olbers-Saal<\/p>\n\n\n\n<p>Das antike Rom, das Imperium Romanum, hat in der Rezeption Europa mitgepr\u00e4gt und ist auf ganz unterschiedliche Weise bis heute pr\u00e4sent. Die europ\u00e4ische Renaissance hat das antike Erbe integriert und neugestaltet. Unsere Hansestadt besitzt im sch\u00f6nen Rathaus anschauliche Zeugnisse dieser Rom- und Renaissancerezeption, anschlie\u00dfend an mittelalterliche Rath\u00e4user in Italien. Der Vortrag geht an einzelnen Beispielen dieser Nachwirkung in Wort und Bild nach.<\/p>\n\n\n\n<p class=\"has-text-align-center\">  _______________________________________________<\/p>\n\n\n\n<p>Zusammen mit der Historischen Gesellschaft wollen wir eine Tagesexkursion veranstalten, wahrscheinlich in den Monaten August\/September. Die Exkursion geht nach K\u00f6nigslutter mit ausf\u00fchrlichem Besuch des Kaiserdoms und nach Helmstedt mit Besuch des Juleum, der bedeutendsten neuzeitliche Universit\u00e4t im Norden, vor der Gr\u00fcndung G\u00f6ttingens. Das Juleum gilt als eines der sch\u00f6nsten Renaissancebauten in Deutschland. Die genauen Daten werden Ihnen noch zugehen.<\/p>\n\n\n\n<p>Bitte kommen Sie zahlreich zu unseren Veranstaltungen und vergessen Sie den Mitgliedsbeitrag nicht. Der gro\u00dfe Zuspruch zu unserer sch\u00f6nen Mitgliederversammlung im Dezember des vergangenen Jahres macht uns zuversichtlich. \u201eAlles ist nur \u00dcbergang\u201c lautet ein alter Spruch, der sich auf einer Tafel am Weserwehr befindet.<\/p>\n\n\n\n<p>In diesem Sinne gr\u00fc\u00dft Sie herzlich im Namen des Vorstandes<\/p>\n\n\n\n<p>Hans Kloft<\/p>\n\n\n\n<p><\/p>\n\n\n\n<p class=\"has-text-align-center\">    __________________________________________________________________<\/p>\n\n\n\n<p><\/p>\n\n\n\n<p class=\"has-text-align-center has-large-font-size\"><strong>Vortr\u00e4ge des Freundeskreis der Antike 2024 \/ 2<\/strong>025<\/p>\n\n\n\n<p id=\"block-1365e6f2-0a87-42ae-a515-b9c26fd0619a\"><\/p>\n\n\n\n<p><strong>Mi | 11. September 2024 | 19:00 Uhr<\/strong><\/p>\n\n\n\n<p>HdW, Kleiner Saal<\/p>\n\n\n\n<p>Frank J\u00fcrgen Hentze, Achim<\/p>\n\n\n\n<p><strong>Die M\u00fcnzen der r\u00f6mischen Republik und der Kaiserzeit<\/strong><\/p>\n\n\n\n<p><\/p>\n\n\n\n<p><\/p>\n\n\n\n<p><strong>Do| 17. Oktober 2024 | 19:00 Uhr<\/strong><\/p>\n\n\n\n<p>HdW<\/p>\n\n\n\n<p>Dr. Kai M\u00fcckenberger, Wiesbaden<\/p>\n\n\n\n<p><strong>Der Limes, ein Welterbe mit \u00dcberraschungspotential<\/strong><\/p>\n\n\n\n<p>zusammen mit der Bremer Gesellschaft f\u00fcr Vorgeschichte<\/p>\n\n\n\n<p><\/p>\n\n\n\n<p><strong>Di | 12. November 2024 | 19:00 Uhr<\/strong><\/p>\n\n\n\n<p>HdW, Olbers-Saal<\/p>\n\n\n\n<p>Prof. Dr. Michael Sommer, Oldenburg<\/p>\n\n\n\n<p><strong>Tyrannenmord? Das Attentat auf Julius Caesar im Jahre 44 v. Chr.<\/strong><\/p>\n\n\n\n<p>zusammen mit der Wittheit, der Bremer Gesellschaft f\u00fcr Vorgeschichte und der Historischen Gesellschaft<\/p>\n\n\n\n<p><\/p>\n\n\n\n<p><strong>Fr | 13. Dezember 2024 | 19:00 Uhr<\/strong><\/p>\n\n\n\n<p>HdW, Olbers-Saal<\/p>\n\n\n\n<p>Dr. Brita Jansen, Amman<\/p>\n\n\n\n<p><strong>Forschen im Grenzgebiet \u2013 50 Jahre Ausgrabungen des Deutschen Evangelischen Institutes in Gadara\/Jordanien<\/strong><\/p>\n\n\n\n<p>zusammen mit der Wittheit und der Bremer Gesellschaft f\u00fcr Vorgeschichte<\/p>\n\n\n\n<p><\/p>\n\n\n\n<p><strong>Do | 19. Dezember 2024 | 17:00 \u2013 20:00 Uhr<\/strong><\/p>\n\n\n\n<p>HdW, Kleiner Saal<\/p>\n\n\n\n<p><strong>Mitgliederversammlung und Weihnachtsfeier<\/strong><\/p>\n\n\n\n<p><\/p>\n\n\n\n<p><strong>Di | 21. Januar 2025 | 19:00 Uhr<\/strong><\/p>\n\n\n\n<p>HdW, Olbers-Saal<\/p>\n\n\n\n<p>Prof. Dr. Mischa Meier, T\u00fcbingen<\/p>\n\n\n\n<p><strong>Die V\u00f6lkerwanderung und der Untergang des R\u00f6mischen Reiches<\/strong><\/p>\n\n\n\n<p>zusammen mit der Wittheit, der Historischen<\/p>\n\n\n\n<p>Gesellschaft, der Vereinigung f\u00fcr Bremische<\/p>\n\n\n\n<p>Kirchengeschichte, der Stiftung Bremer Dom und der Deutsch-Italienischen Gesellschaft<\/p>\n\n\n\n<p><\/p>\n\n\n\n<p><strong>Fr | 14. Februar 2025 | 19:00 Uhr<\/strong><\/p>\n\n\n\n<p>HdW, Olbers-Saal<\/p>\n\n\n\n<p>Prof. Dr. Klaus Grewe, Rheinbach<\/p>\n\n\n\n<p><strong>Antike Aqu\u00e4dukte &#8211; Technische Weltwunder voller Sch\u00f6nheit und R\u00e4tsel<\/strong><\/p>\n\n\n\n<p>(In der Programmvorschau der Wittheit unter dem Titel &#8218;Die Wasserversorgung in der Antike&#8216; notiert.)<\/p>\n\n\n\n<p>zusammen mit der Bremer Gesellschaft f\u00fcr Vorgeschichte<\/p>\n\n\n\n<p class=\"has-vivid-red-color has-text-color has-link-color wp-elements-80f2783da4942472a3dfa5a077cfba74\"><strong>Der 14. Februar bleibt, allerdings ist dies nicht ein Mittwoch, sondern ein Freitag<\/strong><\/p>\n\n\n\n<p><\/p>\n\n\n\n<p><strong>Mi | 12. M\u00e4rz 2025 | 19:00 Uhr<\/strong><\/p>\n\n\n\n<p>HdW, Kleiner Saal<\/p>\n\n\n\n<p>Dr. Luise Seemann, Bremen<\/p>\n\n\n\n<p><strong>Wilhelm Tischbeins vierte Idylle. Der lange Weg eines Vasenbildes von Athen nach Oldenburg<\/strong><\/p>\n\n\n\n<p><\/p>\n\n\n\n<p><\/p>\n\n\n\n<p><\/p>\n\n\n\n<p class=\"has-text-align-right has-luminous-vivid-orange-color has-text-color\" style=\"font-size:18px\">Bremen, 08.11.2024<\/p>\n\n\n\n<p class=\"has-text-align-left has-black-color has-text-color\" style=\"font-size:18px\">Liebe Mitglieder des Freundeskreises,&nbsp;&nbsp;&nbsp;&nbsp;&nbsp;&nbsp;&nbsp;&nbsp;<\/p>\n\n\n\n<p>zu den beiden letzten Veranstaltungen in diesem ereignisreichen Jahr laden wir Sie herzlich ein:<\/p>\n\n\n\n<p><strong>Dr. Brita Jansen, Amman\/Bremen<br><\/strong>Forschen im Grenzgebiet \u2013 50 Jahre Ausgrabungen des Deutschen Evangelischen Institutes in Gadara\/Jordanien<br><strong>Freitag, 13. Dezember 2024, 19:00 <\/strong>Uhr im Haus der Wissenschaft zusammen mit der Wittheit und der Bremer Gesellschaft f\u00fcr Vorgeschichte.<\/p>\n\n\n\n<p>Brita Jansen ist Mitglied der Bremer Gesellschaft f\u00fcr Vorgeschichte und war bis 2023 2. Vorsitzende unseres Freundeskreises. Seit 2022 leitet sie in Jordanien einen Zweig des Deutschen Evangelischen Institutes f\u00fcr Altertumswissenschaften des Heiligen Landes in Jordanien.<\/p>\n\n\n\n<p>Gadara, im Spannungsfeld zwischen Jordanien und Israel gelegen, z\u00e4hlte im Imperium Romanun zur sog. Dekapolis, in der sich griechische, j\u00fcdische und r\u00f6mische Elemente mischten \u2013 eine Herausforderung f\u00fcr die arch\u00e4ologische Forschung und ihre Deutung in Vergangenheit und Gegenwart. Ob und wie arch\u00e4ologisches Arbeiten unter den gegenw\u00e4rtigen kriegerischen Verwicklungen m\u00f6glich ist, wird uns der Bericht von Brita Jansen aufzeigen. Ein hochinteressantes arch\u00e4ologisches Arbeitsgebiet in schwieriger Zeit.<\/p>\n\n\n\n<p>Unsere diesj\u00e4hrige <strong>Mitgliederversammlung und kleine Weihnachtsfeier<\/strong> findet statt am <strong>&nbsp;&nbsp;&nbsp;&nbsp;&nbsp;&nbsp;&nbsp;&nbsp;&nbsp;19.Dezember 2024, 17:00 \u2013 20:00 <\/strong>Uhr im Haus der Wissenschaft.<\/p>\n\n\n\n<p>Tagesordnung:<\/p>\n\n\n\n<ol class=\"wp-block-list\">\n<li>Begr\u00fc\u00dfung<\/li>\n\n\n\n<li>Bericht des Vorsitzenden<\/li>\n\n\n\n<li>Bericht des Schatzmeisters<\/li>\n\n\n\n<li>Ausblick auf 2025<\/li>\n\n\n\n<li>Verschiedenes<\/li>\n<\/ol>\n\n\n\n<p>Ein r\u00f6misches Sprichwort lautet:<br>Tempora mutantur et nos mutamur in illis.<br>Zeiten \u00e4ndern sich und wir ver\u00e4ndern uns in ihnen.<\/p>\n\n\n\n<p>Zeitenwenden hat es schon immer gegeben. Wir erleben sie im Augenblick schmerzlich, sie verlangt von uns dar\u00fcber nachzudenken und zu entscheiden, was als unverzichtbarer Kern unseres Lebens behaltenswert ist, in Politik, Gesellschaft und Wirtschaft. Unser Vereinsangebot ist wichtiger Bestandteil einer Bremer Kultur. Wir k\u00f6nnen sie nur gemeinsam erhalten und gestalten. Wir z\u00e4hlen auf Sie!<\/p>\n\n\n\n<p>Mit allen guten W\u00fcnschen f\u00fcr den Rest des Jahres, f\u00fcr eine sch\u00f6ne Adventszeit und gesegnete Feiertage gr\u00fc\u00dft Sie ganz herzlich<\/p>\n\n\n\n<p>Ihr Vorstand des Freundeskreises der Antike<\/p>\n\n\n\n<hr class=\"wp-block-separator has-alpha-channel-opacity\"\/>\n\n\n\n<p class=\"has-text-align-right has-luminous-vivid-orange-color has-text-color\" style=\"font-size:18px\">&nbsp;&nbsp;&nbsp;&nbsp;&nbsp;&nbsp;&nbsp;&nbsp;&nbsp;&nbsp;&nbsp;&nbsp;&nbsp;&nbsp;&nbsp; &nbsp;&nbsp;&nbsp;&nbsp;&nbsp;&nbsp;&nbsp;&nbsp;&nbsp;&nbsp;&nbsp;&nbsp;&nbsp;&nbsp;&nbsp;&nbsp;&nbsp;&nbsp;&nbsp;&nbsp;&nbsp;&nbsp;&nbsp;&nbsp;&nbsp;&nbsp;&nbsp;&nbsp;&nbsp; &nbsp;&nbsp;&nbsp;&nbsp;&nbsp;&nbsp;&nbsp;&nbsp;&nbsp;&nbsp;&nbsp;&nbsp;&nbsp;&nbsp;&nbsp;&nbsp;&nbsp;&nbsp;&nbsp;&nbsp;&nbsp;&nbsp;&nbsp;&nbsp;&nbsp;&nbsp;&nbsp;&nbsp;&nbsp;&nbsp;&nbsp;&nbsp;&nbsp;&nbsp;&nbsp;&nbsp;&nbsp;&nbsp;&nbsp;&nbsp;&nbsp;&nbsp;&nbsp;&nbsp;&nbsp;&nbsp;&nbsp;&nbsp;&nbsp;&nbsp;&nbsp;&nbsp;&nbsp;&nbsp;&nbsp;&nbsp;&nbsp;&nbsp;&nbsp;&nbsp;&nbsp;&nbsp;&nbsp;&nbsp;&nbsp;&nbsp;Bremen, 26.08.2024<\/p>\n\n\n\n<p style=\"font-size:18px\">Liebe Mitglieder des Freundeskreises,<\/p>\n\n\n\n<p style=\"font-size:18px\">die neue Vortragssaison steht vor der T\u00fcr. Gern und in guter Erwartung schickt Ihnen der Vorstand das Angebot zu, das hauseigene Vortr\u00e4ge, Wittheitsbeitr\u00e4ge und Veranstaltungen mit anderen Vereinen zusammenbringt.<\/p>\n\n\n\n<p style=\"font-size:18px\">Wir freuen uns \u00fcber eine rege Beteiligung und verweisen auf das ausf\u00fchrliche Programmheft der Wittheit, das bei unseren Veranstaltungen ausgelegt wird. Auch die benachbarten Vereine verweisen auf ein ansprechendes Angebot.<\/p>\n\n\n\n<p style=\"font-size:18px\">Die Historische Gesellschaft f\u00e4hrt am 2. November zur gro\u00dfen Ausstellung in Paderborn: Corvey und das Erbe der Antike. Anmeldung bei der Gesch\u00e4ftsstelle der Historischen Gesellschaft unter Telefon 325128, Frau Eva Determann.<\/p>\n\n\n\n<p style=\"font-size:18px\">Wir selbst planen im Fr\u00fchjahr zusammen mit der Vorgeschichte eine Tagesexkursion zur klassizistischen Jenisch-Villa in Hamburg, die n\u00e4heren Umst\u00e4nde werden noch mitgeteilt.<\/p>\n\n\n\n<p style=\"font-size:18px\">Unsere diesj\u00e4hrige Mitgliederversammlung mit Weihnachtsfeier findet am 19. Dezember statt, sie bietet die M\u00f6glichkeit des Austausches und wurde immer gerne angenommen, mit anderen Worten: kommen Sie zahlreich, bleiben Sie dem Freundeskreis weiter gewogen, bleiben Sie gesund, gelassen und zuversichtlich.<\/p>\n\n\n\n<p style=\"font-size:18px\"><\/p>\n\n\n\n<p class=\"has-text-align-center\" style=\"font-size:18px\">Mit allen guten W\u00fcnschen gr\u00fc\u00dft Sie<br>Der Vorstand<\/p>\n\n\n\n<hr class=\"wp-block-separator has-alpha-channel-opacity\"\/>\n\n\n\n<p><\/p>\n\n\n\n<p><\/p>\n\n\n\n<p class=\"has-text-align-center\"><\/p>\n\n\n\n<p><\/p>\n\n\n\n<p><\/p>\n\n\n\n<p><\/p>\n\n\n\n<p class=\"has-text-align-center\" style=\"font-size:18px\"><\/p>\n\n\n\n<hr class=\"wp-block-separator has-alpha-channel-opacity\"\/>\n\n\n\n<p><\/p>\n\n\n\n<p class=\"has-text-align-right has-luminous-vivid-orange-color has-text-color\">Bremen, 14.02.2024<\/p>\n\n\n\n<p>Liebe Mitglieder des Freundeskreises,<\/p>\n\n\n\n<p style=\"font-size:18px\">wir d\u00fcrfen auf die drei letzten Vortr\u00e4ge in dieser Saison hinweisen:<\/p>\n\n\n\n<div class=\"wp-block-group\"><div class=\"wp-block-group__inner-container is-layout-constrained wp-block-group-is-layout-constrained\">\n<p><strong>Prof. Dr. Hans Kloft, Bremen<br>Die Geschichte von Amor und Psyche. Ein antikes M\u00e4rchen und seine Folgen in Kunst und Literatur<br><\/strong>Der Wittheitsvortrag findet zusammen mit anderen Vereinen in der Kunsthalle statt: 5. M\u00e4rz 2024, <strong><u>18:00 Uhr<\/u><\/strong> (entgegen der angek\u00fcndigten Zeit 19:00 Uhr)<\/p>\n\n\n\n<p>Eine Psych\u00e9 in Fesseln von Carl Steinh\u00e4user war einer der ersten Ank\u00e4ufe des Bremer Kunstvereins, der 2023 seinen 200. Geburtstag feierte.<\/p>\n<\/div><\/div>\n\n\n\n<p><\/p>\n\n\n\n<p>Leider hat es sich nicht vermeiden lassen, dass wir zusammen mit der Vorgeschichte schon einen Tag sp\u00e4ter, n\u00e4mlich am 6. M\u00e4rz, 19:00 Uhr den n\u00e4chsten Vortrag im Haus der Wissenschaft haben:<\/p>\n\n\n\n<p><strong>Christina Peek, Wilhelmshaven<br>Alts\u00e4chsische Gr\u00e4ber von der Fallward<\/strong><\/p>\n\n\n\n<p>Das Konglomerat von einheimischem und r\u00f6mischem Kulturgut gibt wichtige Ausk\u00fcnfte \u00fcber die Bewohner unserer norddeutschen Heimat in der \u00dcbergangszeit zum Fr\u00fchmittelalter.<\/p>\n\n\n\n<p><\/p>\n\n\n\n<p>\u201eAlles ist nur \u00dcbergang\u201c, diesem Thema widmet sich unser letzter gro\u00dfer Vortrag:<\/p>\n\n\n\n<p><strong>Prof. Dr. Mischa Meier, T\u00fcbingen<br>Die V\u00f6lkerwanderung und der Untergang des R\u00f6mischen Reiches<\/strong><br>Di, 19. M\u00e4rz, 19:00 Uhr im Haus der Wissenschaft, zusammen mit der Wittheit<\/p>\n\n\n\n<p>Wirtschaftsschwund, Migration, Klimawandel, religi\u00f6se und politische Umw\u00e4lzungen sind Ph\u00e4nomene, die im historischen Kontext betrachtet werden und lehrreich f\u00fcr die Gegenwart sind. Mischa Meier, Professor f\u00fcr Alte Geschichte in T\u00fcbingen und Autor einer neuen umfangreichen Studie zur V\u00f6lkerwanderung, gilt als einer der besten Kenner der Sp\u00e4tantike. Wir sind gespannt auf seinen Vortrag.<\/p>\n\n\n\n<p>Wir sind dabei, f\u00fcr die n\u00e4chste Saison ein ansprechendes Programm zusammenzustellen in Abstimmung mit den anderen Vereinen.<br>Wie alles andere, so werden auch die Vortr\u00e4ge f\u00fcr uns immer teurer! Wir sind auf Ihre Unterst\u00fctzung angewiesen.<\/p>\n\n\n\n<p>Bleiben Sie gesund, zuversichtlich und uns weiter gewogen.<\/p>\n\n\n\n<p>Im Namen des Vorstandes gr\u00fc\u00dft Sie vielmals,<br>Ihr Hans Kloft<\/p>\n\n\n\n<p class=\"has-text-align-center\">______________________________________________________________________<\/p>\n\n\n\n<p class=\"has-text-align-right has-luminous-vivid-orange-color has-text-color\">Bremen, 24.12.2023<\/p>\n\n\n\n<p>Liebe Mitglieder des Freundeskreises,<\/p>\n\n\n\n<p>das Jahr 2024 beginnt mit dem Monat Januar, benannt nach der alt-r\u00f6mischen Gottheit Janus, dem Gott der Durch- und \u00dcberg\u00e4nge. Die T\u00fcren seines Heiligtums werden geschlossen, wenn in Rom Frieden herrscht. Der Kaiser Augustus r\u00fchmt sich, diese pax imperii hergestellt zu haben. Auch wenn heute ein Friedenskaiser nicht in Sicht ist, so bleibt doch der sehnliche Wunsch f\u00fcr das neue Jahr, dass der Frieden in unserer Gesellschaft und in der Weltpolitik eine Chance bekommt.<\/p>\n\n\n\n<p>Wir machen auf drei Vortr\u00e4ge aufmerksam:<\/p>\n\n\n\n<p><\/p>\n\n\n\n<ul class=\"wp-block-list\">\n<li><strong>Dienstag, 9. Januar 2024, 19:00 Uhr, <\/strong>HdW, Olbers-Saal<\/li>\n<\/ul>\n\n\n\n<p>Dr. Johann-G\u00fcnther K\u00f6nig, Bremen<\/p>\n\n\n\n<p><strong>Otto Gildemeister, ein bedeutender Bremer B\u00fcrgermeister und ein gro\u00dfer \u00dcbersetzer europ\u00e4ischer Kultur<\/strong><\/p>\n\n\n\n<p>Zusammen mit der Wittheit, der Historischen Gesellschaft und der Goethe-Gesellschaft<\/p>\n\n\n\n<p>Otto Gildemeister (1823-1902) wurde als Schriftsteller und \u00dcbersetzer weit \u00fcber Bremen hinaus bekannt. Besonders in Dantes G\u00f6ttlicher Kom\u00f6die hat er dabei antike Themen angesprochen, ebenso in Ariosts \u201eOrlando Furioso\u201c, dem rasenden Roland. Er war einer der gro\u00dfen Bremer B\u00fcrgermeister des 19. Jhdt. und hat als Politiker gro\u00dfen Anteil an der Integration Bremens in das neu geschaffene Deutsche Reich.<\/p>\n\n\n\n<p>Dr. Johann-G\u00fcnther K\u00f6nig gilt als einer der besten Kenner Gildemeisters, der 2023 vor 200 Jahren geboren wurde.<\/p>\n\n\n\n<p><\/p>\n\n\n\n<ul class=\"wp-block-list\">\n<li><strong>Donnerstag, 18. Januar 2024, 19:00 Uhr, <\/strong>HdW, Olbers-Saal<\/li>\n<\/ul>\n\n\n\n<p>Bernd Habermann, Buxtehude<\/p>\n\n\n\n<p><strong>Die sp\u00e4tr\u00f6misch-fr\u00e4nkischen Glasfunde aus einem alts\u00e4chsischen Gr\u00e4berfeld von Immenfeld<\/strong><\/p>\n\n\n\n<p>Zusammen mit der Bremer Gesellschaft f\u00fcr Vorgeschichte<\/p>\n\n\n\n<p>In der Glasherstellung hatte es die r\u00f6mische Kultur zu einer hohen Meisterschaft gebracht, besondere St\u00fccke wurden als Grabbeigaben auch in unserer Gegend hochgesch\u00e4tzt. Wir veranstalten den interessanten Vortrag, der neue Funde vorstellt, zusammen mit der Gesellschaft f\u00fcr Vorgeschichte.<\/p>\n\n\n\n<p><\/p>\n\n\n\n<ul class=\"wp-block-list\">\n<li><strong>Mittwoch,14. Februar 2024, 19:00 Uhr, <\/strong>HdW, Olbers-Saal<\/li>\n<\/ul>\n\n\n\n<p>Dr. Roland Oetjen, Rothenburg<\/p>\n\n\n\n<p><strong>Athen in Hellenistischer Zeit. Stadtgeschichte in Wort und Bild<\/strong><\/p>\n\n\n\n<p>Athen blieb auch nach der klassischen Zeit des 5. Jhdt. v. Chr. ein Zentrum der griechischen Kultur. Wenn auch der politische Einfluss verloren ging, so blieb doch die Attische Demokratie in ihren Grundmustern bestehen.<\/p>\n\n\n\n<p>Dr. Roland Oetjen, ein guter Kenner griechischer Wirtschaftsgeschichte, wird uns die Bedeutung Athens in Wort und Bild vor Augen f\u00fchren.<\/p>\n\n\n\n<p><\/p>\n\n\n\n<p>Unserer Mitteilung liegen bei die \u00dcberweisungsvordrucke f\u00fcr Ihren Mitgliederbeitrag. Unsere ganz herzliche Bitte: \u00dcberweisen Sie m\u00f6glichst zeitnah. Viele Mitglieder sind zwei Jahre im Verzug. Unserem Verein fehlten am Jahresabschluss dieses Jahres 60 Prozent seiner Mitgliedereinnahmen, so dass wir mit einem Defizit von fast 2000 Euro abschlie\u00dfen mussten.<\/p>\n\n\n\n<p><\/p>\n\n\n\n<p>Auf der letzten Mitgliederversammlung wurde f\u00fcr Dr. Jean Coert, der an die Universit\u00e4t Dresden gewechselt ist, Frau Dr. Luise Seemann als Vorstandsmitglied nachgew\u00e4hlt. Sie ist eine ausgewiesene Arch\u00e4ologin, in der Mommsen Gesellschaft t\u00e4tig und vielen von uns durch ihre Mitarbeit im Bremer Antikenmuseum bekannt. Wir sind dankbar f\u00fcr diese Erweiterung unseres Vorstandes, der Ihnen f\u00fcr das neue Jahr Gesundheit, Wohlergehen und Zuversicht w\u00fcnscht.<\/p>\n\n\n\n<p class=\"has-text-align-center\">Es gr\u00fc\u00dft Sie im Namen des Vorstandes vielmals<\/p>\n\n\n\n<p class=\"has-text-align-center\">Prof. Dr. Hans Kloft<\/p>\n\n\n\n<p class=\"has-text-align-center\">______________________________________________________________________<\/p>\n\n\n\n<p class=\"has-text-align-right has-luminous-vivid-orange-color has-text-color\">Bremen, 2.11.2023<\/p>\n\n\n\n<p>Liebe Mitglieder des Freundeskreises,<\/p>\n\n\n\n<p class=\"has-black-color has-text-color\">zu den zwei letzten Veranstaltungen unseres Vereins in diesem Jahr laden wir Sie herzlich ein.<\/p>\n\n\n\n<p><strong>Dienstag, 21. November 2023, 19:00 Uhr, Haus der Wissenschaft<\/strong><br>Prof. Dr. Hans-Wolf J\u00e4ger, Bremen<br><strong>Venedig in der deutschen Literatur<\/strong><\/p>\n\n\n\n<p>Hans-Wolf J\u00e4ger ist in Bremen kein Unbekannter. Nahezu 30 Jahre hat er als Professor f\u00fcr neuere deutsche Literaturgeschichte bis zu seiner Emeritierung 2001 an der Universit\u00e4t Bremen gelehrt und in vielen Vortr\u00e4gen auch die Antike und ihre Literatur einbezogen. Dies gilt auch f\u00fcr das Thema \u201eVenedig\u201c, neben Rom vielleicht die gl\u00e4nzendste Stadt Italiens. Venedig tritt im fr\u00fchen Mittelalter das Erbe Ravennas an, \u00fcbernimmt in der Kirchenorganisation das Patriarchat von Aquileia und Grado, die in r\u00f6mischer Zeit dominierten. Neben den regionalen und kirchlichen Bez\u00fcgen zur Sp\u00e4tantike schlagen auch literarische Themen den Bogen zur vergangenen antiken Gr\u00f6\u00dfe, so bei den Humanisten, so auch bei Thomas Mann in seiner Novelle \u201eDer Tod in Venedig\u201c, in der Sokrates und Platon eine wichtige Rolle spielen. So erm\u00f6glicht auch die Literatur einen passenden Zugang zu dieser einmaligen europ\u00e4ischen Stadt.<\/p>\n\n\n\n<p>Unsere diesj\u00e4hrige Mitgliederversammlung und kleine Weihnachtsfeier findet am <strong>14.12.2023, 17:00 Uhr im Haus der Wissenschaft <\/strong>statt.<\/p>\n\n\n\n<p>Tagesordnung<\/p>\n\n\n\n<ol style=\"list-style-type:1\" class=\"wp-block-list\">\n<li>Begr\u00fc\u00dfung<\/li>\n\n\n\n<li>Bericht des Vorsitzenden<\/li>\n\n\n\n<li>Bericht des Schatzmeisters<\/li>\n\n\n\n<li>Wahl des\/der stellvertretenden Vorsitzenden<\/li>\n\n\n\n<li>Ausblick auf 2024<\/li>\n\n\n\n<li>Verschiedenes<\/li>\n<\/ol>\n\n\n\n<p>F\u00fcr K\u00e4se, Brot und Wein erbitten wir einen Unkostenbeitrag von 5 Euro. Eine verbindliche Anmeldung erbitten wir f\u00fcr unsere Planung bis einschlie\u00dflich Montag, 11.12. im Sekretariat der Wittheit unter Tel. 0421 21869530 (Frau Gozzi) am Vormittag oder <a href=\"mailto:geschaeftsstelle@wittheit.de\">geschaeftsstelle@wittheit.de<\/a><\/p>\n\n\n\n<p>Wir machen daneben aufmerksam auf den Wittheitsvortrag am<strong> 12. Dezember 2023, 19:00 Uhr im Haus der Wissenschaft<\/strong>, den wir nicht in unser Programm aufgenommen haben, der aber von gro\u00dfer lokalhistorischer Bedeutung ist.<\/p>\n\n\n\n<p>Prof. Dr. Andreas Schulz, Berlin<br><strong>Nationale Revolution und lokaler Horizont: das \u201etolle Jahr\u201c 1848 in Bremen. Ereignis \u2013 Erinnerung &#8211; Deutung.<\/strong><\/p>\n\n\n\n<p>Wir freuen uns, wenn Sie von unserem Angebot reichlich Gebrauch machen, bleiben Sie gesund und zuversichtlich.<\/p>\n\n\n\n<p class=\"has-text-align-center\">Es gr\u00fc\u00dft Sie vielmals<\/p>\n\n\n\n<p class=\"has-text-align-center\">Der Vorstand<\/p>\n\n\n\n<p class=\"has-text-align-center\">______________________________________________________________________<\/p>\n\n\n\n<p class=\"has-text-align-right has-luminous-vivid-orange-color has-text-color\">Bremen, Ende August 2023<\/p>\n\n\n\n<p><\/p>\n\n\n\n<p class=\"has-text-align-center\">Liebe Mitglieder des Freundeskreises,<\/p>\n\n\n\n<p><\/p>\n\n\n\n<p class=\"has-text-align-center\">die neue Saison beginnt mit zwei wichtigen Vortr\u00e4gen:<\/p>\n\n\n\n<p><\/p>\n\n\n\n<p>Der erste Vortrag findet am<\/p>\n\n\n\n<p><strong>Donnerstag, 14.09.2023 im Kleinen Saal des HdW, 19:00 Uhr statt:<\/strong><\/p>\n\n\n\n<p><strong>F. J. Hentze, Achim<br><em>Was den besonderen Reiz antiker M\u00fcnzen ausmacht. Ein kleiner Einblick in die antike M\u00fcnzkunde<\/em><\/strong><\/p>\n\n\n\n<p>Die M\u00fcnzkunde, Numismatik, gilt in der Antikenforschung als eine Grundwissenschaft neben der Philologie, der Arch\u00e4ologie und der Papyrologie, die sich vielfach \u00fcberschneiden. Das Aufkommen und die Verbreitung der M\u00fcnzen haben wichtige Auswirkungen auf die Wirtschaft, die Politik und die Gesellschaft besessen. Sie k\u00f6nnen Reichtum und Armut signalisieren und beweisen in ihren pr\u00e4chtigen Exemplaren die hohe Kunst antiker M\u00fcnzherstellung.<\/p>\n\n\n\n<p>Dar\u00fcber werden wir in Wort und Bild mehr erfahren von einem Referenten, der Mitglied unserer Vereinigung ist und der Numismatischen Gesellschaft&nbsp; angeh\u00f6rt.<\/p>\n\n\n\n<p class=\"has-text-align-center\">&#8212;&#8212;&#8212;&#8212;&#8212;&#8212;&#8212;&#8212;&#8212;&#8212;&#8212;&#8212;&#8212;&#8212;&#8212;&#8212;&#8212;&#8212;&#8212;&#8212;&#8212;&#8212;&#8212;&#8212;&#8212;&#8212;&#8211;<\/p>\n\n\n\n<p>Der zweite Vortrag findet am<\/p>\n\n\n\n<p><strong>Dienstag, 26.09.2023 im Olbers-Saal im HdW, 19:00 Uhr statt<\/strong>:<br><strong>PD Dr. Thomas Otten, K\u00f6ln<br><em>Ein neues Museum f\u00fcr K\u00f6ln. Das Konzept des MiQua. LVR-J\u00fcdisches Museum im Arch\u00e4ologischen Quartier K\u00f6ln<\/em><\/strong><\/p>\n\n\n\n<p>Das Areal hinter dem historischen K\u00f6lner Rathaus ist eine einmalige arch\u00e4ologische Gemengelage, in der R\u00f6misches, Fr\u00fchchristliches und J\u00fcdisches ineinander greifen. Herr Otten ist einer der besten arch\u00e4ologischen Fachleute und Mitgestalter des neuen j\u00fcdischen Museums, das in K\u00f6lner Kreisen f\u00fcr viel Furore gesorgt hat. Der Vortrag wird in Gemeinschaft mit der Wittheit, der Vorgeschichte und der Deutsch-Israelischen Gesellschaft durchgef\u00fchrt.<\/p>\n\n\n\n<p class=\"has-text-align-center\">&#8212;&#8212;&#8212;&#8212;&#8212;&#8212;&#8212;&#8212;&#8212;&#8212;&#8212;&#8212;&#8212;&#8212;&#8212;&#8212;&#8212;&#8212;&#8212;&#8212;&#8212;&#8212;&#8212;&#8212;&#8212;&#8212;&#8211;<\/p>\n\n\n\n<p> Weiter geht es am <\/p>\n\n\n\n<p><\/p>\n\n\n\n<p><strong>21. November 2023 im Olbers-Saal im HdW, 19:00 Uhr<\/strong>:<\/p>\n\n\n\n<p><strong>Prof. Dr. H. W. J\u00e4ger, Bremen<\/strong><\/p>\n\n\n\n<p><strong><em>Venedig in der deutschen Literatur<\/em><\/strong><\/p>\n\n\n\n<p>Zusammen mit der Wittheit, der Goethe-Gesellschaft und der Deutsch-Italienischen Gesellschaft.<\/p>\n\n\n\n<p><\/p>\n\n\n\n<p><\/p>\n\n\n\n<p class=\"has-text-align-center\">&#8212;&#8212;&#8212;&#8212;&#8212;&#8212;&#8212;&#8212;&#8212;&#8212;&#8212;&#8212;&#8212;&#8212;&#8212;&#8212;&#8212;&#8212;&#8212;&#8212;&#8212;&#8212;&#8212;&#8212;&#8212;&#8212;&#8211;<\/p>\n\n\n\n<p><strong>Alle Vortr\u00e4ge der kommenden Saison beginnen, wenn nicht anders vermerkt, um 19:00 Uhr<\/strong><\/p>\n\n\n\n<p><\/p>\n\n\n\n<p class=\"has-text-align-center\">Wir freuen uns auf Ihren Besuch.<\/p>\n\n\n\n<p class=\"has-text-align-center\">______________________________________________________________________<\/p>\n\n\n\n<p><\/p>\n\n\n\n<p class=\"has-text-align-right has-luminous-vivid-orange-color has-text-color\">Bremen, im August 2023<\/p>\n\n\n\n<p>Liebe Mitglieder des Freundeskreises,<\/p>\n\n\n\n<p>die neue Saison steht vor der T\u00fcr. In Zusammenarbeit mit der Wittheit und benachbarten Vereinen ist es gelungen, ein, wie wir glauben, attraktives Programm anzubieten. Wie immer haben wir versucht, die Breite der antiken Kultur anschaulich zu machen: Numismatik, Arch\u00e4ologie, Geschichte, sowohl Regional- wie Kunstgeschichte kommen zu Wort. Auch Literarisches ist vertreten, f\u00fcr uns ein wichtiges Feld, das noch mit einem Thema durch den Bremer Altphilologenverband nachbestellt wird.<\/p>\n\n\n\n<p>\u00dcber einen Tagesausflug, wie er in diesem Jahr erfolgreich nach Otterndorf und Altenbruch durchgef\u00fchrt wurde, werden wir noch eigens informieren. Eine Busfahrt zur Residenzstadt Celle und in das Kloster Wienhausen ist geplant.<\/p>\n\n\n\n<p>Wir bauen darauf, dass Sie uns auch weiterhin die Treue halten und sind dankbar f\u00fcr Ihr finanzielles Engagement, ohne das wir unsere Aktivit\u00e4ten nicht durchf\u00fchren k\u00f6nnen. Kommen Sie auch bitte zahlreich zu unserer Mitgliederversammlung und der traditionellen Weihnachtsfeier am 14. Dezember 2023, um 17:00 Uhr ins Haus der Wissenschaft. Ein Verein lebt von der pers\u00f6nlichen Begegnung.<\/p>\n\n\n\n<p>Wir w\u00fcnschen Ihnen eine sch\u00f6ne, angenehme Sommerzeit und freuen uns auf ein Wiedersehen mit Ihnen. Bleiben Sie gesund und zuversichtlich. Es gr\u00fc\u00dft Sie vielmals,<\/p>\n\n\n\n<p class=\"has-text-align-center\">der Vorstand<\/p>\n\n\n\n<p class=\"has-text-align-center\">_________________________________________<\/p>\n\n\n\n<p><\/p>\n\n\n\n<p class=\"has-text-align-right has-luminous-vivid-orange-color has-text-color\"><\/p>\n\n\n\n<p><\/p>\n\n\n\n<p><strong>Programm des Freundeskreises der Antike 2023\/24<\/strong><\/p>\n\n\n\n<figure class=\"wp-block-table\"><table><tbody><tr><td>1<\/td><td>Frank J\u00fcrgen Henze, Achim Was den besonderen Reiz antiker M\u00fcnzen ausmacht. Ein kleiner Einblick in die antike Numismatik<\/td><td>&nbsp;<\/td><td>Do, 14.09.2023<br>Olbers Saal<\/td><\/tr><tr><td>2<\/td><td>Dr. Thomas Otten, K\u00f6ln<br>Ein neues Museum f\u00fcr K\u00f6ln. Das Konzept des MiQua. LVR-J\u00fcdisches Museum im Arch\u00e4ologischen Quartier K\u00f6ln<\/td><td>Wittheit, Bremer Gesellschaft f\u00fcr Vorgeschichte, Deutsch-Israelische-Gesellschaft<\/td><td>Di, 26.09.2023<\/td><\/tr><tr><td>3<\/td><td>Prof. Dr. H. W. J\u00e4ger, Bremen Venedig in der deutschen Literatur<\/td><td>Wittheit, Deutsch-Italienische Gesellschaft, Goethe Gesellschaft<\/td><td>Di, 21.11.2023<\/td><\/tr><tr><td>4<\/td><td>Mitgliederversammlung und Weihnachtsfeier<\/td><td>&nbsp;<\/td><td>Do, 14.12.2023, 17:00 \u2013 20:00 Uhr<\/td><\/tr><tr><td>5<\/td><td>Dr. J.-G. K\u00f6nig, Bremen Otto Gildemeister, ein bedeutender Bremer B\u00fcrgermeister und ein gro\u00dfer \u00dcbersetzer europ\u00e4ischer Literatur<\/td><td>Wittheit, Historische Gesellschaft<\/td><td>Di, 9.01.2024<\/td><\/tr><tr><td>6<\/td><td>Bernd Habermann, Buxtehude Die Sp\u00e4tr\u00f6misch-fr\u00e4nkischen Glasfunde aus einem alts\u00e4chsischen Gr\u00e4berfeld von Immenfeld<\/td><td>Bremer Gesellschaft f\u00fcr Vorgeschichte<\/td><td>Do, 18.01.2024<\/td><\/tr><tr><td>7<\/td><td>Dr. K. Oetjen, Rothenburg Athen in Hellenistischer Zeit. Stadtgeschichte in Wort und Bild<\/td><td>&nbsp;<\/td><td>Mi, 14.02.2024<br><br><\/td><\/tr><tr><td>8<\/td><td>Prof. Hans Kloft, Bremen Die Geschichte von Amor und Psyche. Ein antikes M\u00e4rchen und seine Folgen in Kunst und Literatur<\/td><td>Kunsthalle Bremen, Goethe Gesellschaft, Deutsch-Italienische Gesellschaft<\/td><td>Di, 5.03.2024, 19:00 Uhr, Kunsthalle &nbsp;<\/td><\/tr><tr><td>9<\/td><td>Christina Peek, Nieders\u00e4chsisches Institut f\u00fcr K\u00fcstenforschung, Wilhelmshaven Alts\u00e4chsische Gr\u00e4ber von der Fallward<\/td><td>Bremer Gesellschaft f\u00fcr Vorgeschichte<\/td><td>Mi, 6.03.2024<\/td><\/tr><tr><td>10<\/td><td>Prof. Dr. Mischa Meier, T\u00fcbingen Die V\u00f6lkerwanderung und der Untergang des R\u00f6mischen Reiches<\/td><td>Wittheit, Historische Gesellschaft, Vereinigung f\u00fcr Bremische Kirchengeschichte<\/td><td>Di, 19.03.2024<\/td><\/tr><\/tbody><\/table><\/figure>\n\n\n\n<p class=\"has-text-align-center\">______________________________________________________________________<\/p>\n\n\n\n<p><\/p>\n\n\n\n<p class=\"has-text-align-right has-luminous-vivid-orange-color has-text-color\">Bremen, im Mai 2023<\/p>\n\n\n\n<p>Liebe Mitglieder des Freundeskreises,<\/p>\n\n\n\n<p>die Saison 2022\/23 ist halbwegs gelungen zu Ende gegangen. Wir danken Ihnen vielmals f\u00fcr Ihre Mitwirkung und Ihren Besuch.<\/p>\n\n\n\n<p>F\u00fcr 2023\/24 werden wir in Absprache mit anderen Vereinen und der Wittheit, die 2024 100 Jahre alt wird, interessante Themen anbieten. Sie werden Ihnen bald als Programm zugehen, mit der Bitte um einen regen Besuch und um Begleichung des Jahresbeitrages, falls dies noch nicht geschehen ist. Bisher haben lediglich 20 Prozent den Jahresbeitrag entrichtet, ich darf deshalb die Kontonummer noch einmal angeben: DE79 2905 0101 0001 014109.<\/p>\n\n\n\n<p>Heute werben wir um eine Teilnahme an einem Tagesausflug nach Otterndorf und Altenbruch am 23. Juni; die genauen Daten entnehmen Sie bitte dem unten angef\u00fcgten Text. Wenn Sie ernsthaftes Interesse haben, melden Sie sich bitte telefonisch (mit Adresse und Telefonnummer) in der Wittheit bei Frau Gozzi an (vormittags, circa 8:30 -12:30 Uhr) bis sp\u00e4testens zum 5. Juni. Wir werden Ihnen umgehend eine Best\u00e4tigung und die Daten der DER-Touristik schicken, um den Reisepreis \u00fcberweisen zu k\u00f6nnen.<\/p>\n\n\n\n<p>Wir organisieren die Reise mit der Weiterbildung an der Universit\u00e4t und halten f\u00fcr unseren Freundeskreis circa 12-15 Pl\u00e4tze vor (deshalb bitte eine schnelle Entscheidung!).<\/p>\n\n\n\n<p>Johann Heinrich Voss ist eine zentrale Figur des deutschen Klassizismus um Wieland und Goethe. Die St.-Nicolai-Kirche in Cuxhaven\/Altenbruch gilt als eine der k\u00fcnstlerisch bedeutendsten Gottesh\u00e4user im Land Hadeln.<\/p>\n\n\n\n<p>Mit allen guten W\u00fcnschen gr\u00fc\u00dft Sie im Namen des Vorstands<\/p>\n\n\n\n<p>Ihr Hans Kloft<\/p>\n\n\n\n<p><\/p>\n\n\n\n<figure class=\"wp-block-image size-full\"><img loading=\"lazy\" decoding=\"async\" width=\"790\" height=\"1054\" src=\"https:\/\/antike-bremen.de\/wp-content\/uploads\/2023\/05\/grafik.png\" alt=\"\" class=\"wp-image-381\" srcset=\"https:\/\/antike-bremen.de\/wp-content\/uploads\/2023\/05\/grafik.png 790w, https:\/\/antike-bremen.de\/wp-content\/uploads\/2023\/05\/grafik-595x794.png 595w, https:\/\/antike-bremen.de\/wp-content\/uploads\/2023\/05\/grafik-480x640.png 480w, https:\/\/antike-bremen.de\/wp-content\/uploads\/2023\/05\/grafik-768x1025.png 768w\" sizes=\"(max-width: 790px) 100vw, 790px\" \/><\/figure>\n\n\n\n<p><\/p>\n\n\n\n<p class=\"has-text-align-right has-luminous-vivid-orange-color has-text-color\">Bremen, 3. M\u00e4rz 2023<\/p>\n\n\n\n<p>Liebe Mitglieder!&nbsp;<\/p>\n\n\n\n<p>Es stehen noch drei Veranstaltungen aus:<\/p>\n\n\n\n<p><\/p>\n\n\n\n<p>1.   <strong>Donnerstag, 16. M\u00e4rz 2023, 19:00 Uhr, HdW, Olbers-Saal<\/strong><\/p>\n\n\n\n<p>Dr. Andreas Effler, G\u00f6ttingen<\/p>\n\n\n\n<p><strong>Abydos \u2013 Ursprung und Anfang des Osiris-Kultes &#8211; bis in das Alte Reich<\/strong><\/p>\n\n\n\n<p>Osiris ist eine sehr vielschichtige G\u00f6ttergestalt, die in der hellenistischen Zeit als Mysteriengottheit und als Herrscher der Unterwelt verehrt wurde.<\/p>\n\n\n\n<p><\/p>\n\n\n\n<p><strong>2.    Donnerstag, 6. April 2023, 19:00 Uhr, HdW, Olbers-Saal<\/strong><\/p>\n\n\n\n<p>Daniel N\u00f6sler, Stade<\/p>\n\n\n\n<p><strong>R\u00f6mer an der Elbe? Neue Forschungen zu R\u00f6mern und Germanen an der Niederelbe<\/strong><\/p>\n\n\n\n<p>Der Vortrag wird das neue Material pr\u00e4sentieren, das nach der gro\u00dfen Ausstellung \u00fcber R\u00f6mer an der Niederelbe 1997 im Hamburger Museum f\u00fcr Arch\u00e4ologie und die Geschichte Hamburgs gezeigt und besprochen wurde.<\/p>\n\n\n\n<p><\/p>\n\n\n\n<p><\/p>\n\n\n\n<p><strong>3.    Dienstag, 25. April 2023, 19:00 Uhr, HdW, Kleiner Saal<\/strong><\/p>\n\n\n\n<p>Dr. Luise Seemann, Bremen<\/p>\n\n\n\n<p><strong>Die Tyrannenm\u00f6rder auf dem Kapitol \u2013 der Demokratiebegriff unter Augustus<\/strong><\/p>\n\n\n\n<p>Es verwundert auf den ersten Blick, dass die Heroen der Attischen Demokratie Harmodios und Aristogeiton in der Zeit des Augustus eine Aufstellung auf dem Kapitol fanden. Die Referentin wird dazu alles Notwendige ausf\u00fchren.<\/p>\n\n\n\n<p class=\"has-text-align-center\">&#8212;&#8212;&#8212;&#8212;&#8212;&#8212;&#8212;&#8212;&#8212;&#8212;&#8212;&#8212;&#8212;&#8212;&#8212;&#8212;&#8212;<\/p>\n\n\n\n<p>Z.Zt. bereiten wir in Abstimmung mit den anderen Vereinen unser n\u00e4chstes Programm vor.<\/p>\n\n\n\n<p>Wir w\u00fcnschen Ihnen eine gute Fr\u00fchjahrs- und Sommerzeit, bleiben Sie gesund und zuversichtlich<\/p>\n\n\n\n<p>mit allen guten W\u00fcnschen&nbsp;<\/p>\n\n\n\n<p>Der Vorstand<hr class=\"wp-block-separator has-alpha-channel-opacity\">    <\/p>\n\n\n\n<p><\/p>\n\n\n\n<p class=\"has-text-align-right has-luminous-vivid-orange-color has-text-color\">Bremen, im Januar 2023  <\/p>\n\n\n\n<p>Liebe Mitglieder!<\/p>\n\n\n\n<p>Das neue Jahr ist noch jung und man darf hoffen, dass die guten Vors\u00e4tze noch wirken. Ihnen allen Gesundheit, Wohlergehen und Zufriedenheit, das w\u00fcnschen wir von Herzen.<\/p>\n\n\n\n<p>Wir sind zuversichtlich, dass wir unser Programm angesichts der geringeren Corona-Gef\u00e4hrdung angemessen durchf\u00fchren k\u00f6nnen und planen schon f\u00fcr die n\u00e4chste Saison.<\/p>\n\n\n\n<p>Am 06. Januar haben wir mit elf Mitgliedern eine Kurzexkursion nach Hamburg unternommen. Die F\u00fchrung durch die hochinteressante Augustus-Ausstellung war exzellent. Anschlie\u00dfend konnten wir im Museum f\u00fcr Kunst und Gewerbe innerhalb der Antikenabteilung die neue Aufstellung der Vasen aus dem ehemaligen Antikenmuseum im Schnoor in Augenschein nehmen: Durchaus gelungen, f\u00fcr uns ein guter Auftakt.<a><\/a><\/p>\n\n\n\n<p>Wir machen auf die beiden n\u00e4chsten Veranstaltungen aufmerksam:<\/p>\n\n\n\n<ul class=\"wp-block-list\">\n<li><strong>Freitag, 03. Februar 2023, 19:00 Uhr, Haus der Wissenschaft, Olbers-Saal<\/strong>:<\/li>\n<\/ul>\n\n\n\n<p>Prof. Dr. Hans Kloft: Parodien \u2013 Gegenges\u00e4nge. Ein Florilegium von der Antike bis heute.<\/p>\n\n\n\n<p>Die literarischen, polemischen und belehrenden Entw\u00fcrfe haben seit ihrem Entstehen immer wieder zur Erheiterung einer breiten Leserschaft beigetragen.<\/p>\n\n\n\n<ul class=\"wp-block-list\">\n<li><strong>Mittwoch, 22. Februar 2023, 19:00 Uhr, Haus der Wissenschaft, Olbers-Saal<\/strong>:<\/li>\n<\/ul>\n\n\n\n<p>Prof. Dr. Dieter Riemer, Saarbr\u00fccken: Vergils tragische Aeneis. Was Dido und Turnus verbindet.<\/p>\n\n\n\n<p>Vergil gilt als der ma\u00dfgebliche Dichter der r\u00f6mischen Literatur, der in der Schul-Lekt\u00fcre \u2013 Gott sei Dank! \u2013 eine wichtige Rolle spielt.<\/p>\n\n\n\n<p>Zusammen mit dem Bremer Altphilologenverband veranstalten wir den Vortrag, der die wichtigsten Personen des Epos in den Mittelpunkt stellt.<\/p>\n\n\n\n<p>Wir freuen uns auf Ihren Besuch. Bleiben Sie weiterhin dem Freundeskreis gewogen, bleiben Sie gesund und zuversichtlich.<\/p>\n\n\n\n<p>Mit allen guten W\u00fcnschen<\/p>\n\n\n\n<p>Der Vorstand des Freundeskreises der Antike<\/p>\n\n\n\n<p>Prof. Dr. Hans Kloft<\/p>\n\n\n\n<p>Dr. Gunther Faulhammer<\/p>\n\n\n\n<p>Jean Coert, Althistorisches Institut der Universit\u00e4t Bremen<\/p>\n\n\n\n<p>&#8212;&#8212;&#8212;&#8212;&#8212;&#8212;&#8212;&#8212;&#8212;&#8212;&#8212;&#8212;&#8212;&#8212;&#8212;&#8212;&#8212;&#8212;&#8212;&#8212;&#8212;&#8212;&#8212;&#8212;&#8212;&#8212;&#8212;&#8212;&#8212;&#8212;&#8212;&#8212;&#8211;<\/p>\n\n\n\n<p class=\"has-text-align-center has-vivid-red-color has-text-color has-large-font-size\"><strong>Wichtig<\/strong><\/p>\n\n\n\n<p class=\"has-vivid-red-color has-text-color\">Der Vortrag von Prof. Dr. Dieter Richter &#8211; <strong>Sch\u00fcsse in der Ewigen Stadt<\/strong> &#8211; am Dienstag, den 17. Januar 2023 um 19:00 Uhr im Haus der Wissenschaft wurde <strong>um einen Tag verschoben<\/strong>, auf Mittwoch, den 18. Januar 2023, 19:00 Uhr im Haus der Wissenschaft (Sandstrasse).<\/p>\n\n\n\n<p>   <hr class=\"wp-block-separator has-alpha-channel-opacity\">   <\/p>\n\n\n\n<p><\/p>\n\n\n\n<p><\/p>\n\n\n\n<p class=\"has-text-align-right has-luminous-vivid-orange-color has-text-color\"><\/p>\n\n\n\n<p class=\"has-vivid-red-color has-text-color\"><\/p>\n\n\n\n<p>   <hr class=\"wp-block-separator has-alpha-channel-opacity\">   <\/p>\n\n\n\n<p><\/p>\n\n\n\n<p><\/p>\n\n\n\n<p class=\"has-text-align-right has-luminous-vivid-orange-color has-text-color\">Bremen, im November 2022<\/p>\n\n\n\n<p>Liebe Mitglieder des Antikenkreises,<\/p>\n\n\n\n<p>Der letzte Vortrag in diesem Jahr steht an:<\/p>\n\n\n\n<p>Mittwoch, 14. Dezember, 19:00 Uhr im Haus der Wissenschaft, Olbers-Saal<br><strong>Prof. Dr. Ernst Baltrusch, Berlin<br><\/strong>Herodes der Gro\u00dfe. Ein K\u00f6nig zwischen Judentum und Hellenismus<\/p>\n\n\n\n<p>Der K\u00f6nig Herodes, den die meisten aus der Weihnachtsgeschichte kennen, war eine bedeutsame politische Figur in Kleinasien und hat das Ende der r\u00f6mischen Republik und den Beginn der r\u00f6mischen Kaiserzeit auf seine Weise erlebt und in dieser Region auch mitgepr\u00e4gt. Ein angemessenes historisches Urteil dieser vielschichtigen, \u201eabgr\u00fcndigen\u201c Person ist nicht leicht auf einen Nenner zu bringen. Prof. Ernst Baltrusch darf als einer der besten Kenner der j\u00fcdischen Verh\u00e4ltnisse in der Antike gelten. Wir freuen uns auf einen interessanten und informativen Vortrag, den wir zusammen mit der Bremischen Kirchengeschichte und der Stiftung Bremer Dom durchf\u00fchren.<\/p>\n\n\n\n<p>Herzlich laden wir ein zu einer kleinen Weihnachtsfeier am 19. Dezember, 17:00 Uhr im Haus der Wissenschaft, Olbers-Saal. Es soll eine gute Gelegenheit des privaten Austausches sein, R\u00fcckblick und Ausblick unserer Vereinigung, die nach wie vor ein wichtiges Element des Bremer Kultur- und Vereinslebens darstellt.<\/p>\n\n\n\n<p>F\u00fcr Wein, Wasser und K\u00e4se werden wir einen Unkostenbeitrag (5 \u2013 7 Euro) erheben. Eine verbindliche Anmeldung wird bis zum 15. Dezember im Sekretariat der Wittheit bei Frau Gozzi erbeten. (Tel. 218 695 30)<\/p>\n\n\n\n<p>Wir planen eine Tagesexkursion zur Augustus-Ausstellung im Bucerius Kunstforum Hamburg am 6. Januar 2023, zu dem wir gemeinsam mit dem Niedersachsenticket fahren wollen. Auch hierf\u00fcr ben\u00f6tigen wir eine verbindliche Anmeldung, die zur Weihnachtsfeier vorliegen sollte. Die Ausstellung bietet eine Vorbereitung f\u00fcr den letzten Vortrag der Saison am 25. April 2023 von Frau Dr. Luise Seemann, Bremen: <em>Die Tyrannenm\u00f6rder auf dem Kapitol &#8211; der Demokratiebegriff unter Augustus<\/em>.<\/p>\n\n\n\n<p>Unsere Aktivit\u00e4ten stehen unter den Coronabedingungen, die vom Senat f\u00fcr \u00f6ffentliche Veranstaltungen im Haus der Wissenschaft vorgegeben sind. Eigen- und Fremdenschutz ist oberstes Gebot. Bleiben Sie weiterhin gesund, bleiben Sie uns weiterhin gewogen, bewahren Sie sich weiterhin Ihre Gelassenheit.<\/p>\n\n\n\n<p>Wir w\u00fcnschen Ihnen eine sch\u00f6ne Vorweihnachtszeit und gr\u00fc\u00dfen Sie vielmals<\/p>\n\n\n\n<p>Der Vorstand des Freundeskreises der Antike<\/p>\n\n\n\n<p>Prof. Dr. Hans Kloft<\/p>\n\n\n\n<p>Dr. Gunther Faulhammer<\/p>\n\n\n\n<p>Jean Coert, Althistorisches Institut der Universit\u00e4t Bremen<\/p>\n\n\n\n<hr class=\"wp-block-separator has-alpha-channel-opacity\"\/>\n\n\n\n<p><\/p>\n\n\n\n<p>Liebe Mitglieder<\/p>\n\n\n\n<p><\/p>\n\n\n\n<p>Hier unsere n\u00e4chsten beiden Veranstaltungen:<\/p>\n\n\n\n<p><\/p>\n\n\n\n<p><\/p>\n\n\n\n<p><strong>Di, 25.10.2022, 19:00 Uhr, Olbers-Saa<\/strong>l<\/p>\n\n\n\n<p><strong>Prof. Dr. J\u00fcrgen Kr\u00fcger, Karlsruhe<\/strong><\/p>\n\n\n\n<p>Der Muristan in Jerusalem \u2013 der Geschichte der Heiligen Stadt auf der Spur<\/p>\n\n\n\n<p>Zusammen mit der Wittheit, der Historischen Gesellschaft, der Vereinigung f\u00fcr Bremische Kirchengeschichte und der Stiftung Bremer Dom<\/p>\n\n\n\n<p>Der Referent ist ein intimer Kenner der Architekturgeschichte Jerusalems und wird auch auf die antiken Verh\u00e4ltnisse dieser f\u00fcr die Juden, das Christentum und den Islam zentralen Stadt eingehen.<\/p>\n\n\n\n<hr class=\"wp-block-separator has-alpha-channel-opacity\"\/>\n\n\n\n<p><strong>Mi, 16.11.2022, 19:00 Uhr, Olbers-Saal<\/strong><\/p>\n\n\n\n<p><strong>Justine Diemke, M.A., Hamburg<\/strong><\/p>\n\n\n\n<p>Zwischen Anerkennung und Stigmatisierung \u2013 Depressionen in der Antike<\/p>\n\n\n\n<p>Frau Diemke ist eine junge Althistorikerin an der Universit\u00e4t Hamburg. Sie wird aus ihrem Forschungsprojekt berichten und zeigen, wie und in welchem Umfang sich diese schwer fassbare Krankheit in den antiken Quellen niedergeschlagen hat. Wir d\u00fcrfen einen interessanten und informativen Vortrag erwarten.<\/p>\n\n\n\n<hr class=\"wp-block-separator has-alpha-channel-opacity\"\/>\n\n\n\n<p>Aufmerksam machen wollen wir auf die Exkursion der Vorgeschichte nach Kalkriese.<\/p>\n\n\n\n<p>Bitte folgen Sie dem Link (anklicken) um Details zu erfahren und\/oder um sich anzumelden. Das Anmeldeformular k\u00f6nnen Sie ausdrucken und per Post an die angegebene Adresse senden.<\/p>\n\n\n\n<p><a href=\"https:\/\/antike-bremen.de\/wp-content\/uploads\/2022\/10\/Exkursion-E-Mail-2022_09_26.pdf\">https:\/\/antike-bremen.de\/wp-content\/uploads\/2022\/10\/Exkursion-E-Mail-2022_09_26.pdf<\/a><\/p>\n\n\n\n\n\n<p><\/p>\n\n\n\n<p>Mit allen guten W\u00fcnschen gr\u00fc\u00dft der Vorstand<\/p>\n\n\n\n<p><\/p>\n\n\n\n<hr class=\"wp-block-separator has-alpha-channel-opacity\"\/>\n\n\n\n<p class=\"has-text-align-right has-luminous-vivid-orange-color has-text-color\">Bremen, 15.08.2022<\/p>\n\n\n\n<p>Liebe Mitglieder,<\/p>\n\n\n\n<p>der Sommer 2022 geht zu Ende und wir leben nach wie vor in schwierigen Zeiten. Die Zeitenwende, von der viel die Rede ist, trifft alle Lebensbereiche, auch das Kultur- und Vereinsleben der Stadt. Was uns im Herbst und im Winter erwartet, wissen wir nicht. Trotzdem haben wir, in einem Akt von verwegenem Optimismus, ein Programm zusammengestellt, von dem wir hoffen, dass Sie davon reichlich Gebrauch machen werden. Das Meiste bieten wir im Verbund an, vor allen Dingen auch mit der Wittheit, weil die Vortragskosten steigen und von uns alleine nicht zu stemmen sind.<\/p>\n\n\n\n<p>Auf der Mitgliederversammlung ist der Vorstand mit einer Ausnahme best\u00e4tigt worden. Frau Dr. Jansen nimmt als Arch\u00e4ologin eine leitende Funktion in Jordanien wahr. An ihrer Stelle wurde Jean Coert gew\u00e4hlt, der zur Zeit als Assistent am Lehrstuhl f\u00fcr Alte Geschichte (Prof. Dr. T. Schmitt) t\u00e4tig ist. Frau Jansen und neben ihr Frau Tsch\u00f6pe vom Alten Gymnasium wollen als Beirat f\u00fcr uns weiter t\u00e4tig sein. Ebenfalls wurde auf der Versammlung die Anhebung der Mitgliederbeitr\u00e4ge beschlossen: 25,00 Euro f\u00fcr Einzelpersonen, 40,00 Euro f\u00fcr Ehepaare, 10,00 Euro f\u00fcr Studierende.<\/p>\n\n\n\n<p>Exkursionen stehen auf dem Programm, zu denen noch eigens eingeladen wird. \u2018Pompeji, Pracht und Tod unter dem Vulkan\u2018 wird bis zum 06.11.2022 in Kalkriese angeboten. Eine Exkursion ist geplant von der Gesellschaft f\u00fcr Vorgeschichte, die n\u00f6tigen Informationen werden Ihnen rechtzeitig zugehen. Wir selbst planen einen Tagesausflug nach Hamburg zur Augustus Ausstellung im Bucerius Kunstforum. Auch dazu erhalten Sie bald Nachricht. Unsere Weihnachtsfeier haben wir f\u00fcr den 19.12. im Haus der Wissenschaft angesetzt. Sie wird unter den geltenden Corona-Bedingungen stattfinden. Wir hoffen auf rege Beteiligung.<\/p>\n\n\n\n<p>Wir freuen uns auf ein Wiedersehen. Bleiben Sie gesund und dem Verein weiterhin gewogen.<\/p>\n\n\n\n<p>Mit allen guten W\u00fcnschen gr\u00fc\u00dft im Namen des Vorstandes<\/p>\n\n\n\n<p>&nbsp;&nbsp;&nbsp;&nbsp;&nbsp;&nbsp;&nbsp;&nbsp;&nbsp;&nbsp;&nbsp;&nbsp;&nbsp;&nbsp;&nbsp;&nbsp;&nbsp;&nbsp;&nbsp;&nbsp;&nbsp;&nbsp;&nbsp;&nbsp;&nbsp;&nbsp;&nbsp;&nbsp;&nbsp;&nbsp;&nbsp;&nbsp;&nbsp;Prof. Dr. Hans Kloft<\/p>\n\n\n\n<hr class=\"wp-block-separator has-css-opacity\"\/>\n\n\n\n<p><\/p>\n\n\n\n<p class=\"has-text-align-center has-large-font-size\"><strong>Das neue Programm 2022\/2023<\/strong><\/p>\n\n\n\n<p><\/p>\n\n\n\n<p><strong>Di, 27.09.2022, 19:00 Uhr, Olbers-Saal<\/strong><\/p>\n\n\n\n<p><strong>Prof. Dr. Dr. h.c. mult. <\/strong><strong>Heinz Schilling, Berlin<\/strong><\/p>\n\n\n\n<p>Karl V., 1500-1558 \u2013 Glanz und Elend des ersten Weltenkaisers<\/p>\n\n\n\n<p>Zusammen mit der Wittheit, der Historischen Gesellschaft, der Vereinigung f\u00fcr Bremische Kirchengeschichte und der Stiftung Bremer Dom<\/p>\n\n\n\n<hr class=\"wp-block-separator has-css-opacity\"\/>\n\n\n\n<p><strong>Di, 25.10.2022, 19:00 Uhr, Olbers-Saal<\/strong><\/p>\n\n\n\n<p><strong>Prof. Dr. J\u00fcrgen Kr\u00fcger, Karlsruhe<\/strong><\/p>\n\n\n\n<p>Der Muristan in Jerusalem \u2013 der Geschichte der Heiligen Stadt auf der Spur<\/p>\n\n\n\n<p>Zusammen mit der Wittheit, der Historischen Gesellschaft, der Vereinigung f\u00fcr Bremische Kirchengeschichte und der Stiftung Bremer Dom<\/p>\n\n\n\n<hr class=\"wp-block-separator has-css-opacity\"\/>\n\n\n\n<p><strong>Mi, 16.11.2022, 19:00 Uhr<\/strong><strong>, Olbers-Saal<\/strong><\/p>\n\n\n\n<p><strong>Justine Diemke, M.A., Hamburg<\/strong><\/p>\n\n\n\n<p>Zwischen Anerkennung und Stigmatisierung \u2013 Depressionen in der Antike<\/p>\n\n\n\n<hr class=\"wp-block-separator has-css-opacity\"\/>\n\n\n\n<p><strong>Mi, 14.12.2022, 19:00 Uhr, Olbers-Saal<\/strong><\/p>\n\n\n\n<p><strong>Prof. Dr. Ernst Baltrusch, Berlin<\/strong><\/p>\n\n\n\n<p>Herodes der Gro\u00dfe. Ein K\u00f6nig zwischen Judentum und Hellenismus<\/p>\n\n\n\n<p>Zusammen mit der Vereinigung f\u00fcr Bremische Kirchengeschichte<\/p>\n\n\n\n<hr class=\"wp-block-separator has-css-opacity\"\/>\n\n\n\n<p><strong>Mo, 19.12.2022, 17:00 -20.00 Uhr, Olbers-Saal<\/strong><\/p>\n\n\n\n<p><strong>Weihnachtsfeier<\/strong><\/p>\n\n\n\n<hr class=\"wp-block-separator has-css-opacity\"\/>\n\n\n\n<p><strong>Di, 17.01.2023, 19:00 Uhr, Olbers-Saal<\/strong><\/p>\n\n\n\n<p><strong>Prof. Dr. Dieter Richter, Bremen<\/strong><\/p>\n\n\n\n<p class=\"has-vivid-red-color has-text-color\"><strong>verschoben auf Mi, 18.01.2023, 19:00 Uhr, Olbers-Saal<\/strong><\/p>\n\n\n\n<p>Sch\u00fcsse in der Ewigen Stadt. Wolfgang Koeppens Nachkriegs- Roman \u201eDer Tod in Rom\u201c<\/p>\n\n\n\n<p>Zusammen mit der Wittheit, der Deutsch-Italienischen Gesellschaft und der Goethe Gesellschaft<\/p>\n\n\n\n<hr class=\"wp-block-separator has-css-opacity\"\/>\n\n\n\n<p><strong>Fr, 3.02.2023, 19:00 Uhr, Olbers-Saal<\/strong><\/p>\n\n\n\n<p><strong>Prof. Dr. Hans Kloft, Bremen<\/strong><\/p>\n\n\n\n<p>Parodien \u2013 Gegenges\u00e4nge. Ein Florilegium von der Antike bis in die Gegenwart<\/p>\n\n\n\n<p>Zusammen mit der Goethe Gesellschaft<\/p>\n\n\n\n<hr class=\"wp-block-separator has-css-opacity\"\/>\n\n\n\n<p><strong>Mi, 22.02.2023, 19:00 Uhr, Olbers-Saal<\/strong><\/p>\n\n\n\n<p><strong>Prof. Dr. Peter Riemer, Saarbr\u00fccken<\/strong><\/p>\n\n\n\n<p>Vergils tragische Aeneis. Was Dido und Turnus verbindet<strong>.<\/strong><\/p>\n\n\n\n<p>Zusammen mit dem Altphilologenverband<\/p>\n\n\n\n<hr class=\"wp-block-separator has-css-opacity\"\/>\n\n\n\n<p><strong>Do, 16.03.2023, 19:00 Uhr, Olbers-Saal<\/strong><\/p>\n\n\n\n<p><strong>Dr. Andreas Effler, G\u00f6ttingen<\/strong><strong><\/strong><\/p>\n\n\n\n<p>Abydos &#8211; Ursprung und Anfang des Osiris-Kultes&nbsp;vom 7. Jahrtausend bis in das Alte Reich<\/p>\n\n\n\n<p>Zusammen mit der Bremer Gesellschaft f\u00fcr Vorgeschichte<\/p>\n\n\n\n<hr class=\"wp-block-separator has-css-opacity\"\/>\n\n\n\n<p><strong>Do, 6.04.2023, 19:00 Uhr, Olbers-Saal<\/strong><\/p>\n\n\n\n<p><strong>Herr Daniel N\u00f6sler, Stade<\/strong><\/p>\n\n\n\n<p><strong>R\u00f6mer an der Elbe? Neue Forschungen zu R\u00f6mern und Germanen an der Niederelbe<\/strong><\/p>\n\n\n\n<p>Zusammen mit der Bremer Gesellschaft f\u00fcr Vorgeschichte<\/p>\n\n\n\n<hr class=\"wp-block-separator has-css-opacity\"\/>\n\n\n\n<p><strong>Di, 25.04.2023, 19:00 Uhr, Kleiner Saal<\/strong><\/p>\n\n\n\n<p><strong>Dr. Luise Seemann, Bremen<\/strong><\/p>\n\n\n\n<p>Die Tyrannenm\u00f6rder auf dem Kapitol \u2013 der Demokratiebegriff unter Augustus<\/p>\n\n\n\n<hr class=\"wp-block-separator has-css-opacity\"\/>\n\n\n\n<p><\/p>\n\n\n\n<p class=\"has-text-align-right has-luminous-vivid-orange-color has-text-color\">Bremen, 18.03.2022<\/p>\n\n\n\n<p>Liebe Mitglieder des Antikenkreises,<\/p>\n\n\n\n<p>die Vortragssaison 2021\/22 neigt sich dem Ende zu, in der wir nur ein durchwachsenes Programm anbieten konnten. Wir hoffen auf bessere Zeiten, auch f\u00fcr die verschobenen und noch ausstehenden Veranstaltungen, die unter den bestehenden Corona-Bedingungen stattfinden k\u00f6nnen:<\/p>\n\n\n\n<p><\/p>\n\n\n\n<p><\/p>\n\n\n\n<p><strong>Mi, 20. April 2022, 19:00 Uhr<\/strong>, Haus der Wissenschaft, Olbers-Saal,<\/p>\n\n\n\n<p><strong>Prof. Dr. Claudia Klodt<\/strong> (Bochum): \u201e\u00dcberlegungen zu M. Tullius Cicero: Warum hei\u00dfen die Tusculanen Tusculanen?\u201c (Zusammen mit dem Bremer Altphilologenverband)<\/p>\n\n\n\n<p>Ciceros Tusculanen sind eine philosophische Er\u00f6rterung auf seinem Landgut Tusculanum, die angeblich im Juni 46 v. Chr. stattfand. Die \u00dcberlegungen kreisen um Fragen des menschlichen Gl\u00fcckes, um die richtige Einsch\u00e4tzung zu menschlichen \u00dcbeln wie Tod, Schmerz und Leidenschaften. Sie verstehen sich als eine Anleitung zu einem <em>beate vivere<\/em>, einem gl\u00fccklichen Leben, f\u00fcr das stoische und epikureische Elemente zusammengefasst werden. Frau Prof. Klodt hat sich als Cicerospezialistin in der Latinistik einen Namen gemacht.<\/p>\n\n\n\n<p><\/p>\n\n\n\n<hr class=\"wp-block-separator has-css-opacity\"\/>\n\n\n\n<p><\/p>\n\n\n\n<p><strong>Di, 31. Mai 2022, 19:00 Uhr<\/strong>, Haus der Wissenschaft, Olbers-Saal<\/p>\n\n\n\n<p><strong>Prof. Dr. Michaela Konrad<\/strong> (Bamberg): \u201eVom kontrollierten Siedlungsraum zur Konfliktzone. R\u00f6misch-germanische Beziehungen an den Grenzen zwischen Rhein und Donau\u201c (Zusammen mit der Wittheit und der Bremer Gesellschaft f\u00fcr Vorgeschichte)<\/p>\n\n\n\n<p>Nach zweihundert Jahren r\u00f6mischer Herrschaft n\u00f6rdlich der Alpen war seit dem Ende des 2. Jahrhunderts n. Chr. das Verh\u00e4ltnis Roms und der Bev\u00f6lkerung in den Randprovinzen des Imperium Romanum zu ihren ,barbarischen\u2018 Nachbarn jenseits der Grenzen zunehmend von Konflikten bestimmt. Sie f\u00fchrten zu Einf\u00e4llen in das r\u00f6mische Territorium und l\u00f6sten schlie\u00dflich einen Wandel im Verst\u00e4ndnis und in der Gestaltung der r\u00f6mischen Grenzen aus. Am Ende dieses Prozesses steht die R\u00fccknahme der Grenzlinien in der Sp\u00e4tantike und die Genese der sogenannten germanischen Nachfolgestaaten des fr\u00fchen Mittelalters. Es ist eine spannende und immer wieder neu zu \u00fcberdenkende Frage, wie es zu einer Zeit, als das r\u00f6mische Reich seine Bl\u00fcte erlebte, zu dieser einschneidenden Entwicklung kommen konnte. Neue Sichtweisen dieser Diskussion lassen sich aus den aktuellen Forschungen der Arch\u00e4ologie der R\u00f6mischen Provinzen gewinnen.<\/p>\n\n\n\n<p><\/p>\n\n\n\n<hr class=\"wp-block-separator has-css-opacity\"\/>\n\n\n\n<p><\/p>\n\n\n\n<p><strong>Do, 16. Juni 2022, 19:00 Uhr<\/strong>, Haus der Wissenschaft, Olbers-Saal,<\/p>\n\n\n\n<p><strong>Enrico De Gennaro MA<\/strong> (G\u00fcglingen)<\/p>\n\n\n\n<p>Die R\u00f6mer im Zabergau, Arch\u00e4ologie und Geschichte eines r\u00f6mischen vicus in der Provinz<\/p>\n\n\n\n<p>Das R\u00f6mer-Museum in G\u00fcglingen (Baden-W\u00fcrttemberg) ist eines der ansprechendsten und interessantesten in Baden-W\u00fcrttemberg. Es ist nicht zuletzt ihrem Leiter Enrico De Gennaro zu verdanken, der uns \u00fcber die neuen Ergebnisse in seiner Region informieren will.<\/p>\n\n\n\n<p><\/p>\n\n\n\n<hr class=\"wp-block-separator has-css-opacity\"\/>\n\n\n\n<p>Zu einer ordentlichen <strong>Mitgliederversammlung<\/strong> am 13. Mai im Haus der Wissenschaft liegt eine gesonderte Einladung bei. Da unter anderem Wahlen anstehen, ist eine rege Teilnahme sehr erw\u00fcnscht.<\/p>\n\n\n\n<p><\/p>\n\n\n\n<p>F\u00fcr den Fall, dass Sie noch nicht dazu gekommen sind, den Jahresbeitrag zu \u00fcberweisen, legen wir diesem Schreiben einen \u00dcberweisungstr\u00e4ger bei.<\/p>\n\n\n\n<p><\/p>\n\n\n\n<p><\/p>\n\n\n\n<p>F\u00fcr heute beste Gr\u00fc\u00dfe, wir danken Ihnen f\u00fcr Ihre Solidarit\u00e4t mit unserem Verein, bleiben Sie gesund und zuversichtlich,<\/p>\n\n\n\n<p><\/p>\n\n\n\n<p>Prof. Dr. Hans Kloft, Vorsitzender<\/p>\n\n\n\n<p>Dr. Brita Jansen, stellvertr. Vorsitzende<\/p>\n\n\n\n<p>Dr. Gunther Faulhammer, Schatzmeister<\/p>\n\n\n\n<p><\/p>\n\n\n\n<hr class=\"wp-block-separator has-css-opacity\"\/>\n\n\n\n<p><\/p>\n\n\n\n<p><\/p>\n\n\n\n<p class=\"has-text-align-right has-luminous-vivid-orange-color has-text-color\">Bremen, 14.02.2022<\/p>\n\n\n\n<p>Liebe Mitglieder des Freundeskreises,<\/p>\n\n\n\n<p>noch einmal m\u00fcssen wir leider aufgrund der Pandemie Vortr\u00e4ge verschieben. Dabei geht es jetzt um den Vortrag von Enrico De Gennaro \u00fcber \u201eDie R\u00f6mer im Zabergau, Arch\u00e4ologie und Geschichte eines r\u00f6mischen vicus in der Provinz\u201c, der eigentlich f\u00fcr den 15.02. vorgesehen war. F\u00fcr diese Veranstaltung suchen wir noch nach einem neuen Termin.<\/p>\n\n\n\n<p>F\u00fcr den Wittheits-Vortrag von Prof. Dr. Michaela Konrad zum Thema \u201eVom kontrollierten Siedlungsraum zur Konfliktzone. R\u00f6misch-germanische Beziehungen an den Grenzen zwischen Rhein und Donau\u201c, der eigentlich f\u00fcr den 08.03. vorgesehen war, k\u00f6nnen wir aber schon einen Ersatztermin anbieten: er wird am 31.05.2022 um 19:00 Uhr stattfinden.<\/p>\n\n\n\n<p>Und dann m\u00f6chten wir Sie auch schon auf unsere Jahreshauptversammlung hinweisen, die am 13.05.2022 um 15:00 Uhr abgehalten werden soll. Eine schriftliche Einladung wird noch rechtzeitig erfolgen.<\/p>\n\n\n\n<p>Wir hoffen, dass wir Sie bei der Gelegenheit gesund wiedersehen!<\/p>\n\n\n\n<p>Mit herzlichem Gru\u00df,<\/p>\n\n\n\n<p>der Vorstand<\/p>\n\n\n\n<p><\/p>\n\n\n\n<p class=\"has-text-align-right has-luminous-vivid-orange-color has-text-color\">Bremen, 28.01.2022<\/p>\n\n\n\n<p>(per E-Mail)<\/p>\n\n\n\n<p>Liebe Freunde und Kollege(n)innen,<\/p>\n\n\n\n<p>ich nehme den Vorschlag von Brita Jansen auf eine Mitgliederversammlung im Sommer zu veranstalten und schlage nun vor den 13.05.2022, nachmittags im Haus der Wissenschaft. Zeitnah in der Woche davor w\u00fcrde ich versuchen, den Vortrag von Frau Konrad \u00fcber r\u00f6misch-germanische Beziehungen zu positionieren, einen genauen Termin muss ich noch eruieren. Wir bleiben diesbez\u00fcglich weiter im Gespr\u00e4ch.<\/p>\n\n\n\n<p>F\u00fcr heute beste Gr\u00fc\u00dfe<\/p>\n\n\n\n<p>Ihr Hans Kloft<\/p>\n\n\n\n<p><\/p>\n\n\n\n<p><\/p>\n\n\n\n<p class=\"has-text-align-right has-luminous-vivid-orange-color has-text-color\">Bremen, 02.12.2021<\/p>\n\n\n\n<p>Liebe Mitglieder des Freundeskreises,<\/p>\n\n\n\n<p>die Entwicklung der Pandemie zwingt uns, entgegen der Ank\u00fcndigung vom 16.11., die geplanten Veranstaltungen zum jetzigen Zeitpunkt abzusagen und zu verschieben. Das betrifft auch die Wittheits- und andere Vereinsvortr\u00e4ge im Haus der Wissenschaft (vorl\u00e4ufig bis Ende Dezember). Kontaktvermeidung ist neben der 2G-Regel das Gebot der Stunde. So werden wir die Mitgliederversammlung und den Vortrag von Dr. Brita Jansen zu einem sp\u00e4teren Zeitpunkt nachholen.<\/p>\n\n\n\n<p>Die Entscheidung ist dem Vorstand nicht leicht gefallen. Vereine leben von der Begegnung, aber Gesundheit und Unversehrtheit der Mitglieder gehen vor.<\/p>\n\n\n\n<p><\/p>\n\n\n\n<p>Wir w\u00fcnschen allen eine gute weihnachtliche Zeit. Wir freuen uns auf ein unbeschwertes Wiedersehen und gr\u00fc\u00dfen Sie herzlich,<\/p>\n\n\n\n<p>Der Vorstand<\/p>\n\n\n\n<p>Prof. Dr. Hans Kloft&nbsp;&nbsp;&nbsp;&nbsp;&nbsp;&nbsp;&nbsp;&nbsp;&nbsp;&nbsp;&nbsp;&nbsp;&nbsp;&nbsp;&nbsp;&nbsp;&nbsp;&nbsp;&nbsp;&nbsp;&nbsp;&nbsp;&nbsp;&nbsp;&nbsp;&nbsp;&nbsp; Dr. Brita Jansen&nbsp;&nbsp;&nbsp;&nbsp;&nbsp;&nbsp;&nbsp;&nbsp;&nbsp;&nbsp;&nbsp;&nbsp;&nbsp;&nbsp;&nbsp;&nbsp;&nbsp;&nbsp;&nbsp;&nbsp; Dr. Gunther Faulhammer<\/p>\n\n\n\n<p><\/p>\n\n\n\n<p class=\"has-text-align-center\"><\/p>\n\n\n\n<p><\/p>\n\n\n\n<p class=\"has-text-align-right has-luminous-vivid-orange-color has-text-color\">Bremen, 25.11.2021<\/p>\n\n\n\n<p>Liebe Mitglieder des Freundeskreises,<\/p>\n\n\n\n<p>Vereine sind verpflichtet, einmal im Jahr eine Mitgliederversammlung abzuhalten. Nach Abw\u00e4gen aller Gesichtspunkte hat sich der Vorstand entschlossen, unter den vorgegebenen Corona-Bedingungen die diesj\u00e4hrige Mitgliederversammlung abzuhalten:<\/p>\n\n\n\n<p>Freitag, 10.12.2021, 16 Uhr<\/p>\n\n\n\n<p>im Olbers-Saal, Haus der Wissenschaft<\/p>\n\n\n\n<p>Tagesordnung:<\/p>\n\n\n\n<p>1. Begr\u00fc\u00dfung<\/p>\n\n\n\n<p>2. Bericht des Vorstandes<\/p>\n\n\n\n<p>3. Bericht der Kassenpr\u00fcfer<\/p>\n\n\n\n<p>4. Aussprache<\/p>\n\n\n\n<p>5. Entlastung des Vorstandes<\/p>\n\n\n\n<p>6. Wahl des Vorstandes<\/p>\n\n\n\n<p>7. Wahl der Kassenpr\u00fcfer<\/p>\n\n\n\n<p>8. Anpassung des Mitgliederbeitrags<\/p>\n\n\n\n<p>9. Ausblick auf das kommende Jahr<\/p>\n\n\n\n<p>10. Verschiedenes<\/p>\n\n\n\n<p>Sollte sich die Corona-Lage in Bremen nachhaltig verschlechtern, werden wir die Veranstaltung kurzfristig absagen. Zurzeit gelten die Bestimmungen f\u00fcr das Haus der Wissenschaft:<\/p>\n\n\n\n<p>3 G-Regelung<\/p>\n\n\n\n<p>Anmeldung: H. Kloft, Tel. 0421\/25856781<\/p>\n\n\n\n<p>Der Olbers-Saal erlaubt den Abstand von 1,5 m. Nach Abschluss der Mitgliederversammlung ist der pers\u00f6nliche Austausch bei einem Glas Wein m\u00f6glich (Unkostenbeitrag ca. 5 Euro).<\/p>\n\n\n\n<p>Wir freuen uns auf eine gute Beteiligung.<\/p>\n\n\n\n<p>Hinweisen m\u00f6chten wir auch auf den kommenden Vortrag:<\/p>\n\n\n\n<p>Dr. Brita Jansen, Bremen: Wasser f\u00fcr Gadara \u2013 Ein Aqu\u00e4dukt f\u00fcr die Dekapolis und die Wassernutzung in der Stadt (zusammen mit der Vorgeschichte)<\/p>\n\n\n\n<p>am Mittwoch, 15. Dezember 2021, 19:00 Uhr im Haus der Wissenschaft, Olberssaal<\/p>\n\n\n\n<p>Wir sind sicher, dass alle Mitglieder sich an die vorgeschriebenen Regeln halten werden.<\/p>\n\n\n\n<p>Bleiben Sie gesund und lassen Sie sich die Lebensfreude nicht verderben!<\/p>\n\n\n\n<p>Kommen Sie gut durch die Zeiten und seien Sie vielmals gegr\u00fc\u00dft.<\/p>\n\n\n\n<p>Der Vorstand<\/p>\n\n\n\n<p>Prof. Dr. Hans Kloft&nbsp;&nbsp;&nbsp;&nbsp;&nbsp;&nbsp;&nbsp;&nbsp;&nbsp;&nbsp;&nbsp;&nbsp;&nbsp;&nbsp;&nbsp;&nbsp;&nbsp;&nbsp;&nbsp;&nbsp;&nbsp;&nbsp;&nbsp;&nbsp;&nbsp; Dr. Brita Jansen&nbsp;&nbsp;&nbsp;&nbsp;&nbsp;&nbsp;&nbsp;&nbsp;&nbsp;&nbsp;&nbsp;&nbsp;&nbsp;&nbsp;&nbsp;&nbsp;&nbsp;&nbsp;&nbsp;&nbsp; Dr. Gunther Faulhammer<\/p>\n\n\n\n<p><\/p>\n\n\n\n<p><\/p>\n\n\n\n<p class=\"has-text-align-right has-luminous-vivid-orange-color has-text-color\">Bremen, 29.09.2021<\/p>\n\n\n\n<p class=\"has-medium-font-size\"><strong>Es ist wichtig, sich f\u00fcr die Veranstaltungen vorher anzumelden.<\/strong><\/p>\n\n\n\n<p>F\u00fcr die beiden Veranstaltungen am Freitag, 15. Oktober 2021 (Prof. Dr. Josef Wieseh\u00f6fer) sowie am Freitag 5. November (Prof. Dr. Ulrich Sinn) ist dies zu tun bei Frau Wichmann-Borchert (0424-16148583).<\/p>\n\n\n\n<p>F\u00fcr den Vortrag von Prof. Kloft (Dienstag, 19. Oktober) erfolgt die Anmeldung unter 0421-25856781.<\/p>\n\n\n\n<p>Alles Gute<\/p>\n\n\n\n<p class=\"has-text-align-right has-luminous-vivid-orange-color has-text-color\">Bremen, 13.07.2021<\/p>\n\n\n\n<p>Liebe Mitglieder des Freundeskreises,<\/p>\n\n\n\n<p>auch das zweite Jahr der Pandemie bringt Schwierigkeiten und Beschr\u00e4nkungen mit sich. Wir hoffen, dass dieses Programm, das Ihnen hiermit zugeht, halbwegs angemessen durchgef\u00fchrt werden kann. Wir sind f\u00fcr das Haus der Wissenschaft von den Vorgaben (Abstandsregeln, Maskenpflicht) abh\u00e4ngig, welche die Senatorische Beh\u00f6rde erl\u00e4sst.<\/p>\n\n\n\n<p>Ausgefallene Vortr\u00e4ge haben wir wiederaufgenommen, neue bieten wir in Absprache mit anderen Vereinen, mit denen wir schon lange gut zusammenarbeiten, an.<\/p>\n\n\n\n<p>Wir m\u00f6chten Sie auch schon auf die Jahreshauptversammlung am 10.12.2021 hinweisen, f\u00fcr die wir Sie aber noch gesondert einladen werden.<\/p>\n\n\n\n<p>Die vorgesehenen Exkursionen haben wir leider aus unterschiedlichen Gr\u00fcnden nicht weiter anbieten k\u00f6nnen.<\/p>\n\n\n\n<p>Die Vortr\u00e4ge finden bis auf eine Ausnahme (Freitag, 5. November 2021) zentral im Haus der Wissenschaft statt. \u00dcber weitere interessante Angebote informiert das neue Programmheft der Wittheit. <\/p>\n\n\n\n<p>Museen, Vereine und Bildungseinrichtungen sind in diesen schweren Zeiten verst\u00e4rkt auf ihre Aktivit\u00e4ten angewiesen. Die Ver\u00f6dung der Innenstadt darf und soll nicht auf das Kulturleben \u00fcbergreifen.<\/p>\n\n\n\n<p>Bleiben Sie gesund und zuversichtlich!<\/p>\n\n\n\n<p>Mit allen guten W\u00fcnschen gr\u00fc\u00dft Sie vielmals<\/p>\n\n\n\n<p>Prof. Dr. Hans Kloft, Vorsitzender<\/p>\n\n\n\n<p>Dr. Brita Jansen, stellvertr. Vorsitzende<\/p>\n\n\n\n<p>Dr. Gunther Faulhammer, Schatzmeister<\/p>\n\n\n\n<p>____________________________________________<\/p>\n\n\n\n<p class=\"has-white-color has-text-color\">.<\/p>\n\n\n\n<p class=\"has-luminous-vivid-orange-color has-text-color\" style=\"font-size:22px\"><strong>Programm des Freundeskreises der Antike 2021\/22<\/strong><\/p>\n\n\n\n<p class=\"has-white-color has-text-color\">.<\/p>\n\n\n\n<p>Mittwoch, 15. Dezember 2021, 19:00 Uhr<\/p>\n\n\n\n<p><strong>Haus der Wissenschaft, Olberssaal<\/strong><\/p>\n\n\n\n<p>Dr. Brita Jansen, Bremen: <\/p>\n\n\n\n<p class=\"has-medium-font-size\"><strong>Wasser f\u00fcr Gadara \u2013 Ein Aqu\u00e4dukt f\u00fcr die Dekapolis und die Wassernutzung in der Stadt<\/strong><\/p>\n\n\n\n<p>Zusammen mit der Bremer Gesellschaft f\u00fcr Vorgeschichte<\/p>\n\n\n\n<hr class=\"wp-block-separator has-css-opacity\"\/>\n\n\n\n<p class=\"has-text-align-center has-luminous-vivid-orange-color has-text-color has-medium-font-size\">Achtung<\/p>\n\n\n\n<p class=\"has-luminous-vivid-orange-color has-text-color has-normal-font-size\">\u00c4nderung des Zeitpunktes des Beginns des Vortrages von Prof. Dr. Josef Wiesh\u00f6fer:<\/p>\n\n\n\n<p class=\"has-text-align-center has-luminous-vivid-orange-color has-text-color\">Statt um 19:00 Uhr beginnt der Vortrag um 19:30 Uhr<\/p>\n\n\n\n<p>Freitag, 15. Oktober 2021, <s>19:00<\/s> Uhr<\/p>\n\n\n\n<p><strong>Haus der Wissenschaft, Olberssaal<\/strong><\/p>\n\n\n\n<p>Prof. Dr. Josef Wieseh\u00f6fer, Kiel<\/p>\n\n\n\n<p class=\"has-medium-font-size\"><strong>Alt-Iran, eine Kulturlandschaft zwischen Z\u0101gros und Hindukusch<\/strong><\/p>\n\n\n\n<p>Zusammen mit der Bremer Gesellschaft f\u00fcr Vorgeschichte<\/p>\n\n\n\n<hr class=\"wp-block-separator has-css-opacity\"\/>\n\n\n\n<p>Dienstag, 19. Oktober 2021, 19:00<\/p>\n\n\n\n<p><strong>Haus der Wissenschaft, Olberssaal<\/strong><\/p>\n\n\n\n<p>Prof. Dr. Hans Kloft, Bremen<\/p>\n\n\n\n<p class=\"has-medium-font-size\"><strong>Rom als Herausforderung<\/strong> &#8211; <strong>Norddeutsche Literaten und die ewige Stadt<\/strong><\/p>\n\n\n\n<p>\u00fcberarbeitete und erweiterte Fassung<\/p>\n\n\n\n<p>Zusammen mit der Goethe Gesellschaft Bremen<\/p>\n\n\n\n<hr class=\"wp-block-separator has-css-opacity\"\/>\n\n\n\n<p>Freitag, 5. November 2021, 16:00 Uhr<\/p>\n\n\n\n<p><strong>Aula des Alten Gymnasium<\/strong> (Kleine Helle)<\/p>\n\n\n\n<p>Prof. Dr. Ulrich Sinn, W\u00fcrzburg<\/p>\n\n\n\n<p class=\"has-medium-font-size\"><strong>Olympia, eine zentrale Kultst\u00e4tte Griechenlands<\/strong><\/p>\n\n\n\n<p>Zusammen mit dem Bremer Altphilologenverband<\/p>\n\n\n\n<hr class=\"wp-block-separator has-css-opacity\"\/>\n\n\n\n<p>Freitag, 10. Dezember, 16:00 Uhr<\/p>\n\n\n\n<p class=\"has-medium-font-size\"><strong>Mitgliederversammlung<\/strong> im Haus der Wissenschaft<\/p>\n\n\n\n<hr class=\"wp-block-separator has-css-opacity\"\/>\n\n\n\n<p>Mittwoch, 15. Dezember 2021, 19:00 Uhr<\/p>\n\n\n\n<p>Dr. Brita Jansen, Bremen<\/p>\n\n\n\n<p><strong>Wasser f\u00fcr Gadara &#8211; Ein Aqu\u00e4dukt f\u00fcr die Dekapolis und die Wassernutzung in der Stadt<\/strong><\/p>\n\n\n\n<p>Zusammen mit der Bremer Gesellschaft f\u00fcr Vorgeschichte<\/p>\n\n\n\n<hr class=\"wp-block-separator has-css-opacity\"\/>\n\n\n\n<p>Dienstag, 25. Januar 2022, 19:00 Uhr<\/p>\n\n\n\n<p>Prof. Dr. Hans Kloft, Bremen<\/p>\n\n\n\n<p class=\"has-medium-font-size\"><strong>Judentum und Antisemitismus &#8211; das antike Erbe<\/strong><\/p>\n\n\n\n<p>Zusammen mit der Historischen, der Deutsch-Israelischen- und der Goethe Gesellschaft<\/p>\n\n\n\n<hr class=\"wp-block-separator has-css-opacity\"\/>\n\n\n\n<p>Dienstag, 15. Februar 2022, 19:00 Uhr<\/p>\n\n\n\n<p>Enrico De Gennaro M. A., Leiter des R\u00f6mer-Museums G\u00fcglingen<\/p>\n\n\n\n<p class=\"has-medium-font-size\"><strong>Die R\u00f6mer im Zabergau, Arch\u00e4ologie und Geschichte eines r\u00f6mischen Vicus in der Provinz<\/strong><\/p>\n\n\n\n<hr class=\"wp-block-separator has-css-opacity\"\/>\n\n\n\n<p>Dienstag, 8. M\u00e4rz 2022, 19:00 Uhr<\/p>\n\n\n\n<p>Prof. Dr. Michaela Konrad, Bamberg<\/p>\n\n\n\n<p class=\"has-medium-font-size\"><strong>Vom kontrollierten Siedlungsraum zur Konfliktzone. R\u00f6misch-germanische Beziehungen an den Grenzen zwischen Rhein und Donau<\/strong><\/p>\n\n\n\n<p>Vortrag der Wittheit mit Beteiligung der Bremer Gesellschaft f\u00fcr Vorgeschichte<\/p>\n\n\n\n<hr class=\"wp-block-separator has-css-opacity\"\/>\n\n\n\n<p>Mi, 20. April 2022, 19:00 Uhr<\/p>\n\n\n\n<p>Prof. Dr. Claudia Klodt, Bochum<\/p>\n\n\n\n<p class=\"has-medium-font-size\"><strong>\u00dcberlegungen zu M. Tullius Cicero: Warum hei\u00dfen die Tuskulanen Tuskulanen?<\/strong><\/p>\n\n\n\n<p>Zusammen mit dem Bremer Altphilologenverband<\/p>\n\n\n\n<hr class=\"wp-block-separator has-css-opacity aligncenter is-style-wide\"\/>\n\n\n\n<p><\/p>\n\n\n\n<p class=\"has-text-align-right has-luminous-vivid-orange-color has-text-color\">Bremen, 08.04.2021<\/p>\n\n\n\n<p>Liebe Mitglieder und Interessierte,<\/p>\n\n\n\n<p>wir hatten Sie ja dar\u00fcber informiert, dass einzelne Vortr\u00e4ge aufgrund der Pandemie leider ausfallen m\u00fcssen. Andere jedoch \u2013 wie die Vortr\u00e4ge von Herrn Prof. Kloft, Herrn Coert und Herrn Prof. Sch\u00e4fer &#8211; sind aufgezeichnet worden. Diese Vortr\u00e4ge k\u00f6nnen jederzeit \u00fcber die Homepage der Wittheit &#8211; <strong><a href=\"http:\/\/www.wittheit.de\">www.wittheit.de<\/a><\/strong> &#8211; \u00fcber die Schaltfl\u00e4che &#8218;Videos&#8216; (auf der linken Seite) abgerufen werden.<\/p>\n\n\n\n<p>Mit dem kommenden Vortrag, den wir gemeinsam mit der Bremer Gesellschaft f\u00fcr Vorgeschichte anbieten, werden wir anders verfahren: Der Vortrag wird als Zoom-Veranstaltung angeboten, so dass Sie ihn bequem von Zuhause aus verfolgen k\u00f6nnen. Zum Programm &#8218;Zoom&#8216; siehe weiter unten(*).<\/p>\n\n\n\n<p>Fragen an die Referentin sind im Anschluss an den Vortrag (per E-Mail) m\u00f6glich. <\/p>\n\n\n\n<p>Referentin und Titel sind:<\/p>\n\n\n\n<p>Dr. Laura Dietrich (Berlin) <\/p>\n\n\n\n<p><strong>Festgelage am G\u00f6bekli Tepe. Neue Erkenntnisse zur Nahrungsproduktion fr\u00fchneolithischer J\u00e4ger und Sammler am G\u00f6bekli Tepe.<\/strong><\/p>\n\n\n\n<p>Wenn Sie Interesse an dieser Veranstaltung haben, senden Sie bitte eine kurze Nachricht an <a href=\"mailto:brita_jansen@gmx.de\">brita_jansen@gmx.de<\/a>. Frau Jansen wird Ihnen dann einen Link zuschicken, mit dem Sie sich in die Veranstaltung einloggen und dem Vortrag folgen k\u00f6nnen. Wenn Sie technische Fragen dazu haben, k\u00f6nnen Sie die \u00fcber diese Email-Adresse auch vorab kl\u00e4ren. Die Teilnahme an dem Vortrag ist kostenlos.<\/p>\n\n\n\n<p>Wir w\u00fcrden uns freuen, Sie am 14. April online begr\u00fc\u00dfen zu k\u00f6nnen.<\/p>\n\n\n\n<p>Bleiben Sie gesund,<\/p>\n\n\n\n<p>herzlichen Gru\u00df,<\/p>\n\n\n\n<p>Prof. Dr. H. Kloft, Vorsitzender<\/p>\n\n\n\n<p>Dr. B. Jansen, stellvertr. Vorsitzende<\/p>\n\n\n\n<p>Dr. G. Faulhammer, Schatzmeister<\/p>\n\n\n\n<p><\/p>\n\n\n\n<p>*<strong>Zum Programm &#8218;Zoom&#8216;<\/strong>: Sie m\u00fcssen das Programm &#8218;Zoom&#8216; auf Ihrem Computer installiert haben, bzw. installieren. Es ist kostenfrei im Internet zu finden. Geben Sie in einer Suchmaschine, z.B Google, den Begriff &#8218;<em>zoom download deutsch kostenlos&#8216;<\/em> ein und w\u00e4hlen einen der Anbieter aus, z.B. &#8218;chip.de&#8216;. Achten Sie darauf, die f\u00fcr Sie passende Version auszuw\u00e4hlen (Windows &#8211; Android &#8211; iOS oder Mac).<\/p>\n\n\n\n<p><\/p>\n\n\n\n<hr class=\"wp-block-separator has-css-opacity\"\/>\n\n\n\n<p class=\"has-text-align-right has-luminous-vivid-orange-color has-text-color\">Bremen, 29.03.2021<\/p>\n\n\n\n<p>Liebe Mitglieder des Freundeskreises,<\/p>\n\n\n\n<p><\/p>\n\n\n\n<p>Hier nochmal die Mitteilungen des Freundeskreises an seine Mitglieder von Anfang M\u00e4rz 2021 in Kurzform (Sie alle haben sie wohl mit der Post erhalten):<\/p>\n\n\n\n<ul class=\"wp-block-list\">\n<li>Der Vortrag von Prof. M. Konrad wurde um ein Jahr verschoben<\/li>\n\n\n\n<li>Zum Vortrag von Prof. Chr. Sch\u00e4fer \u00fcber die Schifffahrt in der Alten Welt s.u. in der Vortragsauflistung<\/li>\n\n\n\n<li>Die Exkursionen nach Kos und Jordanien werden auch um ein Jahr verschoben<\/li>\n\n\n\n<li>die geplante Fahrt im Herbst (Die R\u00f6mer im Rheinland, vorgesehen  f\u00fcr die Zeit vom 18. bis 24.09.2021) ist weiter in Vorbereitung und nimmt Gestalt an<\/li>\n<\/ul>\n\n\n\n<p>Mit allen guten W\u00fcnschen und besten Gr\u00fc\u00dfen<\/p>\n\n\n\n<p class=\"has-text-align-center\">&#8212;&#8212;&#8212;&#8212;&#8212;&#8212;&#8212;&#8212;&#8212;&#8212;&#8212;&#8212;&#8212;&#8212;&#8212;&#8212;&#8212;&#8212;<\/p>\n\n\n\n<p><\/p>\n\n\n\n<p>Folgende Vortr\u00e4ge k\u00f6nnen entweder \u00fcber die Webseite der &#8218;Wittheit zu Bremen&#8216; unter der Webadresse <a href=\"https:\/\/www.wittheit.de\/Videos\" data-type=\"URL\" data-id=\"https:\/\/www.wittheit.de\/Videos\">www.wittheit.de<\/a> abgerufen werden, oder Sie klicken auf die einzelnen unten stehenden Referentennamen und werden dann auf eine Seite der Wittheit zu Bremen weitergeleitet, wo Sie dann das Vortragsvideo sich anh\u00f6ren und ansehen k\u00f6nnen.<\/p>\n\n\n\n<p>Aufgelistet sind folgende Wittheitsvortr\u00e4ge:<\/p>\n\n\n\n<p><\/p>\n\n\n\n<h5 class=\"wp-block-heading\" id=\"donnerstag-29-oktober-2020-19-00-uhr\">Donnerstag | 29.Oktober 2020 | 19:00 Uhr<\/h5>\n\n\n\n<h5 class=\"wp-block-heading\" id=\"prof-dr-christian-wild-bremen\"><a href=\"https:\/\/www.wittheit.de\/Korallenriffe-in-der-Krise-Was-geht-uns-das-in-Bremen-an-und-was-koennen-wir-tun.html\">Prof. Dr. Christian Wild, Bremen<\/a><\/h5>\n\n\n\n<h5 class=\"wp-block-heading\" id=\"ko-ral-len-rif-fe-in-der-kri-se-was-geht-uns-das-in-bre-men-an-und-was-kon-nen-wir-tun\">Ko\u00adral\u00adlen\u00adrif\u00adfe in der Kri\u00adse \u2013 Was geht uns das in Bre\u00admen an und was k\u00f6n\u00adnen wir tun?<\/h5>\n\n\n\n<hr class=\"wp-block-separator has-css-opacity\"\/>\n\n\n\n<h5 class=\"wp-block-heading\" id=\"dienstag-24-november-2020-19-00-uhr\">Dienstag | 24.November 2020 | 19:00 Uhr<\/h5>\n\n\n\n<h5 class=\"wp-block-heading\" id=\"prof-dr-hans-kloft\"><a href=\"https:\/\/www.wittheit.de\/Rom-als-Herausforderung.-norddeutsche-literaten-in-der-ewigen-stadt.html\">Prof. Dr Hans Kloft<\/a><\/h5>\n\n\n\n<h5 class=\"wp-block-heading\" id=\"rom-als-her-aus-for-de-rung-nord-deut-sche-li-te-ra-ten-in-der-ewi-gen-stadt\">Rom als Her\u00adaus\u00adfor\u00adde\u00adrung. Nord\u00addeut\u00adsche Li\u00adte\u00adra\u00adten in der Ewi\u00adgen Stadt<\/h5>\n\n\n\n<hr class=\"wp-block-separator has-css-opacity\"\/>\n\n\n\n<h5 class=\"wp-block-heading\" id=\"donnerstag-07-januar-2021-12-00-uh\">Donnerstag | 07.Januar 2021 | 12:00 Uh<\/h5>\n\n\n\n<h5 class=\"wp-block-heading\" id=\"jean-coert-m-a-bremen\"><a href=\"https:\/\/www.wittheit.de\/Eine-virtuelle-Zeitreise-ins-alte-Rom.-ueber-die-antikenrezeption-und-geschichtsforschung-in-videospielen.html\">Jean Coert, M. A., Bremen<\/a><\/h5>\n\n\n\n<h5 class=\"wp-block-heading\" id=\"eine-vir-tu-el-le-zeit-rei-se-ins-alte-rom-uber-die-an-ti-ken-re-zep-ti-on-und-ge-schichts-for-schung-in-vi-deo-spie-len\">Eine vir\u00adtu\u00adel\u00adle Zeit\u00adrei\u00adse ins alte Rom. \u00dcber die An\u00adti\u00adken\u00adre\u00adzep\u00adti\u00adon und Ge\u00adschichts\u00adfor\u00adschung in Vi\u00addeo\u00adspie\u00adlen<\/h5>\n\n\n\n<hr class=\"wp-block-separator has-css-opacity\"\/>\n\n\n\n<h5 class=\"wp-block-heading\" id=\"dienstag-12-januar-2021-19-00-uhr\">Dienstag | 12.Januar 2021 | 19:00 Uhr<\/h5>\n\n\n\n<h5 class=\"wp-block-heading\" id=\"prof-dr-jens-christian-wagner-jena\"><a href=\"https:\/\/www.wittheit.de\/Geschichte-statt-Erinnerung.-plaedoyer-fuer-eine-historisch-fundierte-und-politisch-wache-gedenkstaettenarbeit.html\">Prof. Dr. Jens-Christian Wagner, Jena<\/a><\/h5>\n\n\n\n<h5 class=\"wp-block-heading\" id=\"ge-schich-te-statt-er-in-ne-rung-pla-doy-er-fur-eine-his-to-risch-fun-dier-te-und-po-li-tisch-wa-che-ge-denk-stat-ten-ar-beit\">Ge\u00adschich\u00adte statt Er\u00adin\u00adne\u00adrung. Pl\u00e4\u00addoy\u00ader f\u00fcr eine his\u00adto\u00adrisch fun\u00addier\u00adte und po\u00adli\u00adtisch wa\u00adche Ge\u00addenk\u00adst\u00e4t\u00adten\u00adar\u00adbeit<\/h5>\n\n\n\n<hr class=\"wp-block-separator has-css-opacity\"\/>\n\n\n\n<h5 class=\"wp-block-heading\" id=\"dienstag-23-marz-2021-19-00-uhr\">Dienstag | 23.M\u00e4rz 2021 | 19:00 Uhr<\/h5>\n\n\n\n<h5 class=\"wp-block-heading\" id=\"prof-dr-christoph-schafer-trier\"><a href=\"https:\/\/www.wittheit.de\/Schifffahrt-in-der-Alten-Welt-der-Beitrag-der-experimentellen-Archaeologie.html\">Prof. Dr. Christoph Sch\u00e4fer, Trier<\/a><\/h5>\n\n\n\n<h5 class=\"wp-block-heading\" id=\"schiff-fahrt-in-der-al-ten-welt-der-bei-trag-der-ex-pe-ri-men-tel-len-ar-chao-lo-gie\">Schiff\u00adfahrt in der Al\u00adten Welt &#8211; der Bei\u00adtrag der ex\u00adpe\u00adri\u00admen\u00adtel\u00adlen Ar\u00adch\u00e4o\u00adlo\u00adgie<\/h5>\n\n\n\n<hr class=\"wp-block-separator has-css-opacity\"\/>\n\n\n\n<p><\/p>\n\n\n\n<p class=\"has-text-align-right has-luminous-vivid-orange-color has-text-color\">Bremen, 07.11.2020<\/p>\n\n\n\n<p>Liebe Mitglieder des Freundeskreises,<\/p>\n\n\n\n<p>als wir vor zwei Monaten den letzten Mitgliederbrief an Sie geschrieben haben, waren wir noch guter Hoffnung, dass wir \u2013 unter Einhaltung der geltenden Hygieneregeln und in eingeschr\u00e4nktem Rahmen \u2013 bald wieder Vortr\u00e4ge f\u00fcr Sie anbieten k\u00f6nnen, die wir bereits seit langem vorbereitet haben. Einige von Ihnen hatten sich ja auch schon f\u00fcr die Veranstaltungen angemeldet. Doch die rasante Ausbreitung des Virus fordert neue Ma\u00dfnahmen, und wir sind alle gehalten, uns und andere zu sch\u00fctzen.<\/p>\n\n\n\n<p>Das Haus der Wissenschaft ist im November f\u00fcr den Publikumsverkehr geschlossen, und wie es danach weitergehen wird, ist noch ungewiss. Deshalb gibt es f\u00fcr einige Veranstaltungen wichtige \u00c4nderungen:<\/p>\n\n\n\n<p>&#8211; Die Verleihung des Heimatpreises muss vorerst abgesagt und auf unbestimmte Zeit verschoben werden.<\/p>\n\n\n\n<p>&#8211; Die Wittheitsvortr\u00e4ge m\u00fcssen ohne Publikum stattfinden, werden aber auf Video aufgenommen und sind dann eine Woche nach dem angesetzten Termin \u00fcber die Homepage der Wittheit abrufbar (\u201e<a href=\"http:\/\/www.wittheit.de\">www.wittheit.de<\/a>\u201c unter der Kategorie \u201eVideos\u201c). Dies betrifft auch den Vortrag von Herrn Prof. Dr. H. Kloft \u00fcber \u201eRom als Herausforderung\u201c am 24.11.2020. Das kann nat\u00fcrlich nicht das Erlebnis einer Pr\u00e4senzveranstaltung ersetzen, gibt aber die M\u00f6glichkeit, Vortr\u00e4ge zu h\u00f6ren, die zu besuchen man keine Gelegenheit gehabt h\u00e4tte.<\/p>\n\n\n\n<p>&#8211; Bei dem, vom Freundeskreis der Antike f\u00fcr den 07. Dezember 2020 geplanten Vortrag von Herrn J. Coert M. A.: \u201eEine virtuelle Reise ins alte Rom &#8211; \u00dcber die Antikenrezeption und Geschichtsforschung in Videospielen\u201c, werden wir voraussichtlich ebenso verfahren m\u00fcssen.<\/p>\n\n\n\n<p>Da sich die Verh\u00e4ltnisse und die dadurch bedingten Ma\u00dfnahmen schnell \u00e4ndern k\u00f6nnen, bitten wir Sie, sich bei Bedarf hier auf unserer Homepage zu informieren. Diese wird derzeit regelm\u00e4\u00dfig aktualisiert. <\/p>\n\n\n\n<p>Ein gr\u00f6\u00dferes Problem stellt die Organisation der Mitgliederversammlung dar. Nachdem die Personenzahl f\u00fcr den Olberssaal eingeschr\u00e4nkt wurde, haben wir uns nach anderen Veranstaltungsorten umgeschaut, damit jede und jeder der m\u00f6chte, auch teilnehmen kann. Aber nun ist klar, dass das in diesem Jahr nicht mehr m\u00f6glich sein wird und wir die Versammlung auf einen unbekannten Termin im n\u00e4chsten Jahr verschieben m\u00fcssen. Wir werden Sie rechtzeitig dar\u00fcber informieren. Und dann k\u00f6nnen wir hoffentlich wieder in netter Runde bei einem Glas Wein beisammensitzen!<\/p>\n\n\n\n<p>Wir bitten um Ihr Verst\u00e4ndnis, dass wir unser Programm f\u00fcr Sie derzeit nur in ungewohnter Form anbieten k\u00f6nnen. Seien Sie gewiss, dass wir uns bem\u00fchen, alles im Rahmen des m\u00f6glich Machbaren zu organisieren.<\/p>\n\n\n\n<p>Das Wichtigste aber ist, dass Sie gesund bleiben und gut durch diese tr\u00fcben Tage kommen!<\/p>\n\n\n\n<p>Mit allen guten W\u00fcnschen und besten Gr\u00fc\u00dfen,<\/p>\n\n\n\n<p>Prof. Dr. Hans Kloft, Vorsitzender<\/p>\n\n\n\n<p>Dr. Brita Jansen, stellvertretende Vorsitzende<\/p>\n\n\n\n<p>Dr. Gunther Faulhammer, Schatzmeister<\/p>\n\n\n\n<p><mark style=\"background-color:rgba(0, 0, 0, 0)\" class=\"has-inline-color has-white-color\">.<\/mark>_________________________________________________________<\/p>\n\n\n\n<p><\/p>\n\n\n\n<p><\/p>\n\n\n\n<p class=\"has-text-align-center\"><strong>bitte beachten Sie zu dem Programm 2020\/2021 den Punkt &#8218;aktuell:&#8216;<\/strong><\/p>\n\n\n\n<h2 class=\"wp-block-heading has-text-align-center has-luminous-vivid-orange-color has-text-color\" id=\"programm-2020-2021\">Programm 2020\/2021<\/h2>\n\n\n<h3 style=\"text-align: center;\"><strong>Vortr\u00e4ge des Freundeskreises der Antike<\/strong><\/h3>\n<h4 style=\"text-align: center;\"><strong> Saison 2020\/2021<\/strong><\/h4>\n<p><span style=\"color: #ffffff;\">.<\/span><\/p>\n<p><strong>24. November 2020, 19:00 Uhr <\/strong>(Olbers-Saal)<\/p>\n<p><strong><span style=\"text-decoration: underline;\">nur online, siehe &#8218;aktuell:<\/span>&#8218;<\/strong><\/p>\n<p>Prof. Dr. Hans Kloft (Bremen): \u201e<em>Rom als Herausforderung. Norddeutsche Literaten in der Ewigen Stadt<\/em>\u201c<\/p>\n<p>Vortrag der Wittheit auf Vorschlag der Goethe Gesellschaft mit Beteiligung des Freundeskreises der Antike, der Deutsch-Italienischen Gesellschaft und der M\u00e4nner vom Morgenstern<\/p>\n<p><span style=\"color: #ffffff;\">.<\/span><\/p>\n<p><strong>7. Dezember 2020, 19:00 Uhr<\/strong> (Olbers-Saal)<\/p>\n<p><span style=\"text-decoration: underline;\"><strong>sehr wahrscheinlich nur online, siehe &#8218;aktuell:&#8216;<\/strong><\/span><\/p>\n<p>Jean Coert M. A. (Bremen): \u201e<em>Eine virtuelle Reise ins alte Rom. \u00dcber die Antikenrezeption und Geschichtsforschung in Videospielen<\/em>\u201c<\/p>\n<p>Vortrag des Freundeskreises der Antik<\/p>\n<\/p>\n<h4><span style=\"color: #000000;\"><strong>Alle weitern Termine stehen unter dem Vorbehalt der weiteren Entwicklung der Corona-Pandemie!<br \/><\/strong><\/span><\/h4>\n<p><span style=\"color: #000000;\">.<\/span><\/p>\n<p><strong>16. Februar 2021, 19:00 Uhr<\/strong> (Olbers-Saal)<\/p>\n<p>Prof. Dr. Michaela Konrad (Bamberg): \u201e<em>Vom kontrollierten Siedlungsraum zur Konfliktzone. R\u00f6misch-germanische Beziehungen an den Grenzen zwischen Rhein und Donau<\/em>\u201c<\/p>\n<p>Vortrag der Wittheit auf Vorschlag der Bremer Gesellschaft f\u00fcr Vorgeschichte mit Beteiligung des Freundeskreises der Antike<\/p>\n<p><em>Anmeldung bei Frau Gozzi: (0421) 218 695 30; geschaeftsstelle<\/em><em>@wittheit.de<\/em><\/p>\n<p><span style=\"color: #ffffff;\">.<\/span><\/p>\n<p><strong>23. M\u00e4rz 2021, 19:00 Uhr<\/strong> (Olbers-Saal)<\/p>\n<p>Prof. Dr. Christian Sch\u00e4fer (Trier): \u201e<em>Schifffahrt in der Alten Welt \u2013 der Beitrag der Experimentellen Arch\u00e4ologie<\/em>\u201c<\/p>\n<p>Vortrag der Wittheit auf Vorschlag des Freundeskreises der Antike mit Beteiligung der Bremer Gesellschaft f\u00fcr Vorgeschichte<\/p>\n<p><em>Anmeldung bei Frau Gozzi: (0421) 218 695 30; geschaeftsstelle<\/em><em>@wittheit.de<\/em><\/p>\n<p><span style=\"color: #ffffff;\">.<\/span><\/p>\n<p><strong>14.April 2021, 19:00 Uhr<\/strong> (Olbers-Saal)<\/p>\n<p>Dr. Laura Dietrich (Berlin): \u201e<em>Festgelage am G\u00f6bekli Tepe. Neue Erkenntnisse zur Nahrungsproduktion fr\u00fchneolithischer J\u00e4ger und Sammler am G\u00f6bekli Tepe<\/em>\u201c<\/p>\n<p>Vortrag der Bremer Gesellschaft f\u00fcr Vorgeschichte mit Beteiligung des Freundeskreises der Antike<\/p>\n<p><em>Anmeldung bei Frau Wichmann-Borchert: (0421) 161 485 83;&nbsp; <a href=\"mailto:bregevorge@web.de\">bregevorge@web.de<\/a><\/em><\/p>\n<p><span style=\"color: #ff0000;\"><em>Neuere Informationen: siehe oben unter &#8218;Bremen, 08.04.2021&#8216;<\/em><\/span><\/p>\n<p><em>&nbsp;<\/em><\/p>\n<p><span style=\"color: #ffffff;\">.<\/span><\/p>\n<p><strong>07.Mai 2021, 19:00 Uhr<\/strong> (Olbers-Saal)<\/p>\n<p>Prof. Dr. Josef Wieseh\u00f6fer (Kiel): \u201e<em>Der Iran, das Land zwischen Euphrat und Tigris \u2013 eine alte Kulturlandschaft<\/em>\u201c<\/p>\n<p>Vortrag des Freundeskreises der Antike mit Beteiligung der Bremer Gesellschaft f\u00fcr Vorgeschichte<\/p>\n<p><em>Anmeldung bei Herrn Prof. Dr. Kloft: (0421) 258 567 81<\/em><\/p>\n<p><span style=\"color: #ffffff;\">.<\/span><\/p>\n<p><em>(September 2020)<\/em><\/p>\n\n\n<p><\/p>\n\n\n\n<h2 class=\"wp-block-heading\"><\/h2>\n\n\n\n<pre class=\"wp-block-preformatted\"><\/pre>\n\n\n\n<pre class=\"wp-block-preformatted\"><\/pre>\n\n\n<p><strong>Mi | 11. September 2024 | 19:00 Uhr<\/strong><\/p>\n<p>HdW, Kleiner Saal<\/p>\n<p>Frank J\u00fcrgen Hentze, Achim<\/p>\n<p><strong>Die M\u00fcnzen der r\u00f6mischen Republik und der Kaiserzeit<\/strong><\/p>\n<p><strong>\u00a0\u00a0 <\/strong><\/p>\n<p><strong>Do| 17. Oktober 2024 | 19:00 Uhr<\/strong><\/p>\n<p>HdW<\/p>\n<p>Dr. Kai M\u00fcckenberger, Wiesbaden<\/p>\n<p><strong>Der Limes, ein Welterbe mit \u00dcberraschungspotential<\/strong><\/p>\n<p>zusammen mit der Bremer Gesellschaft f\u00fcr Vorgeschichte<\/p>\n<p><strong>\u00a0\u00a0 <\/strong><\/p>\n<p><strong>Di | 12. November 2024 | 19:00 Uhr<\/strong><\/p>\n<p>HdW, Olbers-Saal<\/p>\n<p>Prof. Dr. Michael Sommer, Oldenburg<\/p>\n<p><strong>Tyrannenmord? Das Attentat auf Julius Caesar im Jahre 44 v. Chr.<\/strong><\/p>\n<p>zusammen mit der Wittheit, der Bremer Gesellschaft f\u00fcr Vorgeschichte und der Historischen Gesellschaft<\/p>\n<p><strong>\u00a0\u00a0 <\/strong><\/p>\n<p><strong>Fr | 13. Dezember 2024 | 19:00 Uhr<\/strong><\/p>\n<p>HdW, Olbers-Saal<\/p>\n<p>Dr. Brita Jansen, Amman<\/p>\n<p><strong>Forschen im Grenzgebiet \u2013 50 Jahre Ausgrabungen des Deutschen Evangelischen Institutes in Gadara\/Jordanien<\/strong><\/p>\n<p>zusammen mit der Wittheit und der Bremer Gesellschaft f\u00fcr Vorgeschichte<\/p>\n<p><strong>\u00a0\u00a0 <\/strong><\/p>\n<p><strong>Do | 19. Dezember 2024 | 17:00 \u2013 20:00 Uhr<\/strong><\/p>\n<p>HdW, Kleiner Saal<\/p>\n<p><strong>Mitgliederversammlung und Weihnachtsfeier<\/strong><\/p>\n<p><strong>\u00a0<\/strong><\/p>\n<p><strong>Di | 21. Januar 2025 | 19:00 Uhr<\/strong><\/p>\n<p>HdW, Olbers-Saal<\/p>\n<p>Prof. Dr. Mischa Meier, T\u00fcbingen<\/p>\n<p><strong>Die V\u00f6lkerwanderung und der Untergangdes R\u00f6mischen Reiches<\/strong><\/p>\n<p>zusammen mit der Wittheit, der Historischen<\/p>\n<p>Gesellschaft, der Vereinigung f\u00fcr Bremische<\/p>\n<p>Kirchengeschichte, der Stiftung Bremer Dom und der Deutsch-Italienischen Gesellschaft<\/p>\n<p><strong>\u00a0\u00a0 <\/strong><\/p>\n<p><strong>Mi | 14. Februar 2025 | 19:00 Uhr<\/strong><\/p>\n<p>HdW, Olbers-Saal<\/p>\n<p>Prof. Dr. Klaus Grewe, Rheinbach<\/p>\n<p><strong>Die Wasserversorgung in der Antike<\/strong><\/p>\n<p>zusammen mit der Bremer Gesellschaft f\u00fcr Vorgeschichte<\/p>\n<p><strong>\u00a0\u00a0\u00a0<\/strong><\/p>\n<p><strong>Mi | 12. M\u00e4rz 2025 | 19:00 Uhr<\/strong><\/p>\n<p>HdW, Kleiner Saal<\/p>\n<p>Dr. Luise Seemann, Bremen<\/p>\n<p><strong>Wilhelm Tischbeins vierte Idylle. Der lange Weg eines Vasenbildes von Athen nach Oldenburg<\/strong><\/p>\n<p><strong>\u00a0\u00a0\u00a0<\/strong><\/p>\n<p><strong>Fr | 4. April 2025 | 19:00 Uhr<\/strong><\/p>\n<p>HdW, Olbers-Saal<\/p>\n<p>Prof. Dr. Hans Kloft, Bremen<\/p>\n<p><strong>Das europ\u00e4ische Verm\u00e4chtnis von Rom und Italien. Ein historischer R\u00fcckblick mit Bildern<\/strong><\/p>\n<p>zusammen mit der Deutsch-Italienischen Gesellschaft und der Goethe-Gesellschaft<\/p>\n<p><strong>Mi | 11. September 2024 | 19:00 Uhr<\/strong><\/p>\n<p>HdW, Kleiner Saal<\/p>\n<p>Frank J\u00fcrgen Hentze, Achim<\/p>\n<p><strong>Die M\u00fcnzen der r\u00f6mischen Republik und der Kaiserzeit<\/strong><\/p>\n<p><strong>\u00a0\u00a0 <\/strong><\/p>\n<p><strong>Do| 17. Oktober 2024 | 19:00 Uhr<\/strong><\/p>\n<p>HdW<\/p>\n<p>Dr. Kai M\u00fcckenberger, Wiesbaden<\/p>\n<p><strong>Der Limes, ein Welterbe mit \u00dcberraschungspotential<\/strong><\/p>\n<p>zusammen mit der Bremer Gesellschaft f\u00fcr Vorgeschichte<\/p>\n<p><strong>\u00a0\u00a0 <\/strong><\/p>\n<p><strong>Di | 12. November 2024 | 19:00 Uhr<\/strong><\/p>\n<p>HdW, Olbers-Saal<\/p>\n<p>Prof. Dr. Michael Sommer, Oldenburg<\/p>\n<p><strong>Tyrannenmord? Das Attentat auf Julius Caesar im Jahre 44 v. Chr.<\/strong><\/p>\n<p>zusammen mit der Wittheit, der Bremer Gesellschaft f\u00fcr Vorgeschichte und der Historischen Gesellschaft<\/p>\n<p><strong>\u00a0\u00a0 <\/strong><\/p>\n<p><strong>Fr | 13. Dezember 2024 | 19:00 Uhr<\/strong><\/p>\n<p>HdW, Olbers-Saal<\/p>\n<p>Dr. Brita Jansen, Amman<\/p>\n<p><strong>Forschen im Grenzgebiet \u2013 50 Jahre Ausgrabungen des Deutschen Evangelischen Institutes in Gadara\/Jordanien<\/strong><\/p>\n<p>zusammen mit der Wittheit und der Bremer Gesellschaft f\u00fcr Vorgeschichte<\/p>\n<p><strong>\u00a0\u00a0 <\/strong><\/p>\n<p><strong>Do | 19. Dezember 2024 | 17:00 \u2013 20:00 Uhr<\/strong><\/p>\n<p>HdW, Kleiner Saal<\/p>\n<p><strong>Mitgliederversammlung und Weihnachtsfeier<\/strong><\/p>\n<p><strong>\u00a0<\/strong><\/p>\n<p><strong>Di | 21. Januar 2025 | 19:00 Uhr<\/strong><\/p>\n<p>HdW, Olbers-Saal<\/p>\n<p>Prof. Dr. Mischa Meier, T\u00fcbingen<\/p>\n<p><strong>Die V\u00f6lkerwanderung und der Untergangdes R\u00f6mischen Reiches<\/strong><\/p>\n<p>zusammen mit der Wittheit, der Historischen<\/p>\n<p>Gesellschaft, der Vereinigung f\u00fcr Bremische<\/p>\n<p>Kirchengeschichte, der Stiftung Bremer Dom und der Deutsch-Italienischen Gesellschaft<\/p>\n<p><strong>\u00a0\u00a0 <\/strong><\/p>\n<p><strong>Mi | 14. Februar 2025 | 19:00 Uhr<\/strong><\/p>\n<p>HdW, Olbers-Saal<\/p>\n<p>Prof. Dr. Klaus Grewe, Rheinbach<\/p>\n<p><strong>Die Wasserversorgung in der Antike<\/strong><\/p>\n<p>zusammen mit der Bremer Gesellschaft f\u00fcr Vorgeschichte<\/p>\n<p><strong>\u00a0\u00a0\u00a0<\/strong><\/p>\n<p><strong>Mi | 12. M\u00e4rz 2025 | 19:00 Uhr<\/strong><\/p>\n<p>HdW, Kleiner Saal<\/p>\n<p>Dr. Luise Seemann, Bremen<\/p>\n<p><strong>Wilhelm Tischbeins vierte Idylle. Der lange Weg eines Vasenbildes von Athen nach Oldenburg<\/strong><\/p>\n<p><strong>\u00a0\u00a0\u00a0<\/strong><\/p>\n<p><strong>Fr | 4. April 2025 | 19:00 Uhr<\/strong><\/p>\n<p>HdW, Olbers-Saal<\/p>\n<p>Prof. Dr. Hans Kloft, Bremen<\/p>\n<p><strong>Das europ\u00e4ische Verm\u00e4chtnis von Rom und Italien. Ein historischer R\u00fcckblick mit Bildern<\/strong><\/p>\n<p>zusammen mit der Deutsch-Italienischen Gesellschaft und der Goethe-Gesellschaft<\/p>","protected":false},"excerpt":{"rendered":"<div class=\"entry-summary\">\nBremen, 15.01.2026 Liebe Antikenfreundinnen und -freunde, hier das Protokoll unserer Mitgliederversammlung vom&hellip;\n<\/div>\n<div class=\"link-more\"><a href=\"https:\/\/antike-bremen.de\/?page_id=19\" class=\"more-link\">Weiterlesen<span class=\"screen-reader-text\"> &ldquo;aktuell:&rdquo;<\/span>&hellip;<\/a><\/div>\n","protected":false},"author":1,"featured_media":39,"parent":0,"menu_order":0,"comment_status":"closed","ping_status":"closed","template":"","meta":{"footnotes":""},"class_list":["post-19","page","type-page","status-publish","has-post-thumbnail","hentry","entry"],"_links":{"self":[{"href":"https:\/\/antike-bremen.de\/index.php?rest_route=\/wp\/v2\/pages\/19"}],"collection":[{"href":"https:\/\/antike-bremen.de\/index.php?rest_route=\/wp\/v2\/pages"}],"about":[{"href":"https:\/\/antike-bremen.de\/index.php?rest_route=\/wp\/v2\/types\/page"}],"author":[{"embeddable":true,"href":"https:\/\/antike-bremen.de\/index.php?rest_route=\/wp\/v2\/users\/1"}],"replies":[{"embeddable":true,"href":"https:\/\/antike-bremen.de\/index.php?rest_route=%2Fwp%2Fv2%2Fcomments&post=19"}],"version-history":[{"count":163,"href":"https:\/\/antike-bremen.de\/index.php?rest_route=\/wp\/v2\/pages\/19\/revisions"}],"predecessor-version":[{"id":520,"href":"https:\/\/antike-bremen.de\/index.php?rest_route=\/wp\/v2\/pages\/19\/revisions\/520"}],"wp:featuredmedia":[{"embeddable":true,"href":"https:\/\/antike-bremen.de\/index.php?rest_route=\/wp\/v2\/media\/39"}],"wp:attachment":[{"href":"https:\/\/antike-bremen.de\/index.php?rest_route=%2Fwp%2Fv2%2Fmedia&parent=19"}],"curies":[{"name":"wp","href":"https:\/\/api.w.org\/{rel}","templated":true}]}}